{"id":1036,"date":"2025-05-07T13:35:57","date_gmt":"2025-05-07T11:35:57","guid":{"rendered":"https:\/\/www.kse-karlsruhe.de\/?page_id=1036"},"modified":"2025-11-13T11:18:36","modified_gmt":"2025-11-13T10:18:36","slug":"transfertagung-2025","status":"publish","type":"page","link":"https:\/\/www.kse-karlsruhe.de\/index.php\/transfer\/transfertagung-2025\/","title":{"rendered":"Transfertagung 2025"},"content":{"rendered":"\t\t<div data-elementor-type=\"wp-page\" data-elementor-id=\"1036\" class=\"elementor elementor-1036\" data-elementor-post-type=\"page\">\n\t\t\t\t<div class=\"elementor-element elementor-element-74470f9 e-flex e-con-boxed e-con e-parent\" data-id=\"74470f9\" data-element_type=\"container\" data-e-type=\"container\">\n\t\t\t\t\t<div class=\"e-con-inner\">\n\t\t\t\t<div class=\"elementor-element elementor-element-95a9c6a elementor-widget elementor-widget-heading\" data-id=\"95a9c6a\" data-element_type=\"widget\" data-e-type=\"widget\" data-widget_type=\"heading.default\">\n\t\t\t\t<div class=\"elementor-widget-container\">\n\t\t\t\t\t<h2 class=\"elementor-heading-title elementor-size-default\">\u201eDigitalisierung in Schule &amp; Lehrkr\u00e4ftebildung\n \u2013 Erkenntnisse, Perspektiven, Praxis\u201c <\/h2>\t\t\t\t<\/div>\n\t\t\t\t<\/div>\n\t\t\t\t<div class=\"elementor-element elementor-element-28b8a7e elementor-widget elementor-widget-text-editor\" data-id=\"28b8a7e\" data-element_type=\"widget\" data-e-type=\"widget\" data-widget_type=\"text-editor.default\">\n\t\t\t\t<div class=\"elementor-widget-container\">\n\t\t\t\t\t\t\t\t\t<h5>Hier finden Sie alle Informationen rund um die Tagung auf einen Blick &#8211; ganz ohne Papier!\u00a0<\/h5><h5>F\u00fcr weitere Unterst\u00fctzung stehen Ihnen vor Ort jederzeit Mitarbeitende der KSE zur Verf\u00fcgung.<\/h5><h5><strong><em>Wir w\u00fcnschen Ihnen einen spannenden, erkenntnisreichen und interessanten Tag!<\/em><\/strong><\/h5>\t\t\t\t\t\t\t\t<\/div>\n\t\t\t\t<\/div>\n\t\t\t\t\t<\/div>\n\t\t\t\t<\/div>\n\t\t<div class=\"elementor-element elementor-element-1483178 e-flex e-con-boxed e-con e-parent\" data-id=\"1483178\" data-element_type=\"container\" data-e-type=\"container\">\n\t\t\t\t\t<div class=\"e-con-inner\">\n\t\t\t\t<div class=\"elementor-element elementor-element-b2f3ebb elementor-widget-divider--view-line elementor-widget elementor-widget-divider\" data-id=\"b2f3ebb\" data-element_type=\"widget\" data-e-type=\"widget\" data-widget_type=\"divider.default\">\n\t\t\t\t<div class=\"elementor-widget-container\">\n\t\t\t\t\t\t\t<div class=\"elementor-divider\">\n\t\t\t<span class=\"elementor-divider-separator\">\n\t\t\t\t\t\t<\/span>\n\t\t<\/div>\n\t\t\t\t\t\t<\/div>\n\t\t\t\t<\/div>\n\t\t\t\t\t<\/div>\n\t\t\t\t<\/div>\n\t\t<div class=\"elementor-element elementor-element-6bc1729 e-flex e-con-boxed e-con e-parent\" data-id=\"6bc1729\" data-element_type=\"container\" data-e-type=\"container\">\n\t\t\t\t\t<div class=\"e-con-inner\">\n\t\t<div class=\"elementor-element elementor-element-820c56a e-con-full e-flex e-con e-child\" data-id=\"820c56a\" data-element_type=\"container\" data-e-type=\"container\">\n\t\t\t\t<div class=\"elementor-element elementor-element-9cbf95b elementor-widget elementor-widget-image\" data-id=\"9cbf95b\" data-element_type=\"widget\" data-e-type=\"widget\" data-widget_type=\"image.default\">\n\t\t\t\t<div class=\"elementor-widget-container\">\n\t\t\t\t\t\t\t\t\t\t\t\t\t\t\t<img decoding=\"async\" width=\"150\" height=\"150\" src=\"https:\/\/www.kse-karlsruhe.de\/wp-content\/uploads\/2025\/11\/Schulpartner-Netzwerk-Icon-150x150.png\" class=\"attachment-thumbnail size-thumbnail wp-image-1259\" alt=\"\" \/>\t\t\t\t\t\t\t\t\t\t\t\t\t\t\t<\/div>\n\t\t\t\t<\/div>\n\t\t\t\t<\/div>\n\t\t<div class=\"elementor-element elementor-element-591b996 e-con-full e-flex e-con e-child\" data-id=\"591b996\" data-element_type=\"container\" data-e-type=\"container\">\n\t\t\t\t<div class=\"elementor-element elementor-element-e08a736 elementor-widget elementor-widget-text-editor\" data-id=\"e08a736\" data-element_type=\"widget\" data-e-type=\"widget\" data-widget_type=\"text-editor.default\">\n\t\t\t\t<div class=\"elementor-widget-container\">\n\t\t\t\t\t\t\t\t\t<h4><em>Sie sind Lehrkraft und haben Interesse an einem Partnerschulnetzwerk? Dann tragen Sie sich gerne <a href=\"https:\/\/www.menti.com\/alf5ca6wkhea\">hier<\/a> ein!<\/em><\/h4>\t\t\t\t\t\t\t\t<\/div>\n\t\t\t\t<\/div>\n\t\t\t\t<\/div>\n\t\t\t\t\t<\/div>\n\t\t\t\t<\/div>\n\t\t<div class=\"elementor-element elementor-element-0ab7e95 e-flex e-con-boxed e-con e-parent\" data-id=\"0ab7e95\" data-element_type=\"container\" data-e-type=\"container\">\n\t\t\t\t\t<div class=\"e-con-inner\">\n\t\t\t\t<div class=\"elementor-element elementor-element-b7447e0 elementor-widget-divider--view-line elementor-widget elementor-widget-divider\" data-id=\"b7447e0\" data-element_type=\"widget\" data-e-type=\"widget\" data-widget_type=\"divider.default\">\n\t\t\t\t<div class=\"elementor-widget-container\">\n\t\t\t\t\t\t\t<div class=\"elementor-divider\">\n\t\t\t<span class=\"elementor-divider-separator\">\n\t\t\t\t\t\t<\/span>\n\t\t<\/div>\n\t\t\t\t\t\t<\/div>\n\t\t\t\t<\/div>\n\t\t\t\t\t<\/div>\n\t\t\t\t<\/div>\n\t\t<div class=\"elementor-element elementor-element-99cc27e e-grid e-con-boxed e-con e-parent\" data-id=\"99cc27e\" data-element_type=\"container\" data-e-type=\"container\">\n\t\t\t\t\t<div class=\"e-con-inner\">\n\t\t\t\t<div class=\"elementor-element elementor-element-b021f8b elementor-widget__width-initial elementor-widget elementor-widget-text-editor\" data-id=\"b021f8b\" data-element_type=\"widget\" data-e-type=\"widget\" data-widget_type=\"text-editor.default\">\n\t\t\t\t<div class=\"elementor-widget-container\">\n\t\t\t\t\t\t\t\t\t<h4>Gut zu wissen!<\/h4><ul><li><p>Die <strong>Anmeldung<\/strong> finden Sie<strong>\u00a0von 8.30 Uhr bis 9:15 Uhr in Geb\u00e4ude 1<\/strong> im oberen Teil des <strong>Foyers (1.OG)<\/strong>. <strong>Ab 9:30 Uhr<\/strong> findet die Anmeldung in <strong>Geb\u00e4ude 3, EG<\/strong> statt.<\/p><\/li><li><p>Eine bewachte <strong>Garderobe<\/strong> ist vorhanden. Sie finden diese ebenfalls in <strong>Geb\u00e4ude 3, EG<\/strong>.<\/p><\/li><li><p>Im Laufe des Tages wird die Mehrheit der Beitr\u00e4ge in <strong>Geb\u00e4ude 3 im 1. OG<\/strong> stattfinden &#8211; so auch Kaffeepause und Mittagsimbiss. Lediglich in Session 1 finden zwei Vortr\u00e4ge (Nr. 3 &amp; 6) in <strong>Geb\u00e4ude 1<\/strong> statt.<\/p><\/li><li>Wir legen Wert auf Nachhaltigkeit &#8211; deshalb stellen wir Ihnen wiederverwendbare Edelstahl-Flaschen zur Verf\u00fcgung. (Stilles) Wasser k\u00f6nnen Sie damit an den vorhandenen Wasserspendern auff\u00fcllen.<\/li><\/ul>\t\t\t\t\t\t\t\t<\/div>\n\t\t\t\t<\/div>\n\t\t\t\t\t<\/div>\n\t\t\t\t<\/div>\n\t\t<div class=\"elementor-element elementor-element-c8fcc81 e-flex e-con-boxed e-con e-parent\" data-id=\"c8fcc81\" data-element_type=\"container\" data-e-type=\"container\">\n\t\t\t\t\t<div class=\"e-con-inner\">\n\t\t\t\t<div class=\"elementor-element elementor-element-ce6f04b elementor-widget-divider--view-line elementor-widget elementor-widget-divider\" data-id=\"ce6f04b\" data-element_type=\"widget\" data-e-type=\"widget\" data-widget_type=\"divider.default\">\n\t\t\t\t<div class=\"elementor-widget-container\">\n\t\t\t\t\t\t\t<div class=\"elementor-divider\">\n\t\t\t<span class=\"elementor-divider-separator\">\n\t\t\t\t\t\t<\/span>\n\t\t<\/div>\n\t\t\t\t\t\t<\/div>\n\t\t\t\t<\/div>\n\t\t\t\t\t<\/div>\n\t\t\t\t<\/div>\n\t\t<div class=\"elementor-element elementor-element-5430947 e-flex e-con-boxed e-con e-parent\" data-id=\"5430947\" data-element_type=\"container\" data-e-type=\"container\">\n\t\t\t\t\t<div class=\"e-con-inner\">\n\t\t<div class=\"elementor-element elementor-element-0c047f5 e-con-full e-flex e-con e-child\" data-id=\"0c047f5\" data-element_type=\"container\" data-e-type=\"container\">\n\t\t\t\t<div class=\"elementor-element elementor-element-bdf4b9c elementor-widget elementor-widget-image\" data-id=\"bdf4b9c\" data-element_type=\"widget\" data-e-type=\"widget\" data-widget_type=\"image.default\">\n\t\t\t\t<div class=\"elementor-widget-container\">\n\t\t\t\t\t\t\t\t\t\t\t\t\t\t\t<img decoding=\"async\" width=\"150\" height=\"150\" src=\"https:\/\/www.kse-karlsruhe.de\/wp-content\/uploads\/2025\/11\/Icon-TaskCard-150x150.png\" class=\"attachment-thumbnail size-thumbnail wp-image-1290\" alt=\"\" \/>\t\t\t\t\t\t\t\t\t\t\t\t\t\t\t<\/div>\n\t\t\t\t<\/div>\n\t\t\t\t<\/div>\n\t\t<div class=\"elementor-element elementor-element-e206cca e-con-full e-flex e-con e-child\" data-id=\"e206cca\" data-element_type=\"container\" data-e-type=\"container\">\n\t\t\t\t<div class=\"elementor-element elementor-element-72a6445 elementor-widget elementor-widget-text-editor\" data-id=\"72a6445\" data-element_type=\"widget\" data-e-type=\"widget\" data-widget_type=\"text-editor.default\">\n\t\t\t\t<div class=\"elementor-widget-container\">\n\t\t\t\t\t\t\t\t\t<h4>F\u00fcr die Tagung steht eine TaskCard zur Verf\u00fcgung, mithilfe derer Sie Notizen, Kommentare und Likes mit den anderen Teilnehmenden teilen k\u00f6nnen. Die TaskCard finden Sie unter diesem <a href=\"https:\/\/www.taskcards.de\/#\/board\/540b012e-b406-4a2d-b501-8d5578e2dc22\">Link<\/a>.<\/h4>\t\t\t\t\t\t\t\t<\/div>\n\t\t\t\t<\/div>\n\t\t\t\t<\/div>\n\t\t\t\t\t<\/div>\n\t\t\t\t<\/div>\n\t\t<div class=\"elementor-element elementor-element-e98baaa e-flex e-con-boxed e-con e-parent\" data-id=\"e98baaa\" data-element_type=\"container\" data-e-type=\"container\">\n\t\t\t\t\t<div class=\"e-con-inner\">\n\t\t\t\t<div class=\"elementor-element elementor-element-47c6cb2 elementor-widget-divider--view-line elementor-widget elementor-widget-divider\" data-id=\"47c6cb2\" data-element_type=\"widget\" data-e-type=\"widget\" data-widget_type=\"divider.default\">\n\t\t\t\t<div class=\"elementor-widget-container\">\n\t\t\t\t\t\t\t<div class=\"elementor-divider\">\n\t\t\t<span class=\"elementor-divider-separator\">\n\t\t\t\t\t\t<\/span>\n\t\t<\/div>\n\t\t\t\t\t\t<\/div>\n\t\t\t\t<\/div>\n\t\t\t\t\t<\/div>\n\t\t\t\t<\/div>\n\t\t<div class=\"elementor-element elementor-element-291218b e-flex e-con-boxed e-con e-parent\" data-id=\"291218b\" data-element_type=\"container\" data-e-type=\"container\">\n\t\t\t\t\t<div class=\"e-con-inner\">\n\t\t\t\t<div class=\"elementor-element elementor-element-343b30c elementor-widget elementor-widget-heading\" data-id=\"343b30c\" data-element_type=\"widget\" data-e-type=\"widget\" data-widget_type=\"heading.default\">\n\t\t\t\t<div class=\"elementor-widget-container\">\n\t\t\t\t\t<h4 class=\"elementor-heading-title elementor-size-default\">Tagungsprogramm<\/h4>\t\t\t\t<\/div>\n\t\t\t\t<\/div>\n\t\t\t\t\t<\/div>\n\t\t\t\t<\/div>\n\t\t<div class=\"elementor-element elementor-element-7676e1a e-flex e-con-boxed e-con e-parent\" data-id=\"7676e1a\" data-element_type=\"container\" data-e-type=\"container\">\n\t\t\t\t\t<div class=\"e-con-inner\">\n\t\t\t\t<div class=\"elementor-element elementor-element-b38f2f1 elementor-widget elementor-widget-tablepress-table\" data-id=\"b38f2f1\" data-element_type=\"widget\" data-e-type=\"widget\" data-widget_type=\"tablepress-table.default\">\n\t\t\t\t\t\n<table id=\"tablepress-1\" class=\"tablepress tablepress-id-1\">\n<thead>\n<tr class=\"row-1\">\n\t<th class=\"column-1\"><strong>Uhrzeit<\/strong><\/th><th class=\"column-2\"><strong>Programmpunkt<\/strong><\/th><th class=\"column-3\"><strong>Ort<\/strong><\/th>\n<\/tr>\n<\/thead>\n<tbody>\n<tr class=\"row-2\">\n\t<td class=\"column-1\">08:30 - 09:00 Uhr<\/td><td class=\"column-2\">Ankommen &amp; Anmeldung<\/td><td class=\"column-3\">Geb\u00e4ude 1, 1.OG<\/td>\n<\/tr>\n<tr class=\"row-3\">\n\t<td class=\"column-1\">09:00 - 09:15 Uhr<\/td><td class=\"column-2\">Begr\u00fc\u00dfung<\/td><td class=\"column-3\">Geb\u00e4ude 1, 1.OG, H\u00f6rsaal 1.103<\/td>\n<\/tr>\n<tr class=\"row-4\">\n\t<td class=\"column-1\">09:15 - 09:45 Uhr<\/td><td class=\"column-2\">Keynote: Jun.-Prof. Dr. Ulrike Krein (Johannes Gutenberg Universit\u00e4t Mainz)<\/td><td class=\"column-3\">Geb\u00e4ude 1, 1.OG, H\u00f6rsaal 1.103<\/td>\n<\/tr>\n<tr class=\"row-5\">\n\t<td class=\"column-1\">09:45 - 10:00 Uhr<\/td><td class=\"column-2\">Kaffeepause<\/td><td class=\"column-3\">Geb\u00e4ude 3, 1. OG, Forum<\/td>\n<\/tr>\n<tr class=\"row-6\">\n\t<td class=\"column-1\">10:00 - 11:00 Uhr<\/td><td class=\"column-2\">Session 1<\/td><td class=\"column-3\">Siehe \u00dcbersicht<\/td>\n<\/tr>\n<tr class=\"row-7\">\n\t<td class=\"column-1\">11:00 - 12:00 Uhr<\/td><td class=\"column-2\">Session 2<\/td><td class=\"column-3\">Siehe \u00dcbersicht<\/td>\n<\/tr>\n<tr class=\"row-8\">\n\t<td class=\"column-1\">12:00 - 13:00 Uhr<\/td><td class=\"column-2\">Mittagspause mit Imbiss<\/td><td class=\"column-3\">Geb\u00e4ude 3, 1. OG, Forum<\/td>\n<\/tr>\n<tr class=\"row-9\">\n\t<td class=\"column-1\">13:00 - 14:00 Uhr<\/td><td class=\"column-2\">Session 3<\/td><td class=\"column-3\">Siehe \u00dcbersicht<\/td>\n<\/tr>\n<tr class=\"row-10\">\n\t<td class=\"column-1\">14:00 - 15:00 Uhr<\/td><td class=\"column-2\">Session 4<\/td><td class=\"column-3\">Siehe \u00dcbersicht<\/td>\n<\/tr>\n<tr class=\"row-11\">\n\t<td class=\"column-1\">15:00 Uhr<\/td><td class=\"column-2\">Gemeinsamer Abschluss<\/td><td class=\"column-3\">Geb\u00e4ude 1, 1.OG, H\u00f6rsaal 1.103<\/td>\n<\/tr>\n<\/tbody>\n<\/table>\n<!-- #tablepress-1 from cache -->\t\t\t\t<\/div>\n\t\t\t\t\t<\/div>\n\t\t\t\t<\/div>\n\t\t<div class=\"elementor-element elementor-element-b16c577 e-flex e-con-boxed e-con e-parent\" data-id=\"b16c577\" data-element_type=\"container\" data-e-type=\"container\">\n\t\t\t\t\t<div class=\"e-con-inner\">\n\t\t\t\t<div class=\"elementor-element elementor-element-3267edd elementor-widget-divider--view-line elementor-widget elementor-widget-divider\" data-id=\"3267edd\" data-element_type=\"widget\" data-e-type=\"widget\" data-widget_type=\"divider.default\">\n\t\t\t\t<div class=\"elementor-widget-container\">\n\t\t\t\t\t\t\t<div class=\"elementor-divider\">\n\t\t\t<span class=\"elementor-divider-separator\">\n\t\t\t\t\t\t<\/span>\n\t\t<\/div>\n\t\t\t\t\t\t<\/div>\n\t\t\t\t<\/div>\n\t\t\t\t\t<\/div>\n\t\t\t\t<\/div>\n\t\t<div class=\"elementor-element elementor-element-e9e1f89 e-flex e-con-boxed e-con e-parent\" data-id=\"e9e1f89\" data-element_type=\"container\" data-e-type=\"container\">\n\t\t\t\t\t<div class=\"e-con-inner\">\n\t\t\t\t<div class=\"elementor-element elementor-element-4225fa7 elementor-widget elementor-widget-heading\" data-id=\"4225fa7\" data-element_type=\"widget\" data-e-type=\"widget\" data-widget_type=\"heading.default\">\n\t\t\t\t<div class=\"elementor-widget-container\">\n\t\t\t\t\t<h4 class=\"elementor-heading-title elementor-size-default\">Kurz-\u00dcbersicht der einzelnen Sessions mit Titeln und R\u00e4umen<\/h4>\t\t\t\t<\/div>\n\t\t\t\t<\/div>\n\t\t\t\t\t<\/div>\n\t\t\t\t<\/div>\n\t\t<div class=\"elementor-element elementor-element-66888a5 e-flex e-con-boxed e-con e-parent\" data-id=\"66888a5\" data-element_type=\"container\" data-e-type=\"container\">\n\t\t\t\t\t<div class=\"e-con-inner\">\n\t\t\t\t<div class=\"elementor-element elementor-element-e1caaf6 elementor-widget elementor-widget-n-accordion\" data-id=\"e1caaf6\" data-element_type=\"widget\" data-e-type=\"widget\" data-settings=\"{&quot;default_state&quot;:&quot;all_collapsed&quot;,&quot;max_items_expended&quot;:&quot;one&quot;,&quot;n_accordion_animation_duration&quot;:{&quot;unit&quot;:&quot;ms&quot;,&quot;size&quot;:400,&quot;sizes&quot;:[]}}\" data-widget_type=\"nested-accordion.default\">\n\t\t\t\t<div class=\"elementor-widget-container\">\n\t\t\t\t\t\t\t<div class=\"e-n-accordion\" aria-label=\"Accordion. Open links with Enter or Space, close with Escape, and navigate with Arrow Keys\">\n\t\t\t\t\t\t<details id=\"e-n-accordion-item-2360\" class=\"e-n-accordion-item\" >\n\t\t\t\t<summary class=\"e-n-accordion-item-title\" data-accordion-index=\"1\" tabindex=\"0\" aria-expanded=\"false\" aria-controls=\"e-n-accordion-item-2360\" >\n\t\t\t\t\t<span class='e-n-accordion-item-title-header'><div class=\"e-n-accordion-item-title-text\"> Session 1 (10:00 - 11:00 Uhr) <\/div><\/span>\n\t\t\t\t\t\t\t<span class='e-n-accordion-item-title-icon'>\n\t\t\t<span class='e-opened' ><svg aria-hidden=\"true\" class=\"e-font-icon-svg e-fas-minus\" viewBox=\"0 0 448 512\" xmlns=\"http:\/\/www.w3.org\/2000\/svg\"><path d=\"M416 208H32c-17.67 0-32 14.33-32 32v32c0 17.67 14.33 32 32 32h384c17.67 0 32-14.33 32-32v-32c0-17.67-14.33-32-32-32z\"><\/path><\/svg><\/span>\n\t\t\t<span class='e-closed'><svg aria-hidden=\"true\" class=\"e-font-icon-svg e-fas-plus\" viewBox=\"0 0 448 512\" xmlns=\"http:\/\/www.w3.org\/2000\/svg\"><path d=\"M416 208H272V64c0-17.67-14.33-32-32-32h-32c-17.67 0-32 14.33-32 32v144H32c-17.67 0-32 14.33-32 32v32c0 17.67 14.33 32 32 32h144v144c0 17.67 14.33 32 32 32h32c17.67 0 32-14.33 32-32V304h144c17.67 0 32-14.33 32-32v-32c0-17.67-14.33-32-32-32z\"><\/path><\/svg><\/span>\n\t\t<\/span>\n\n\t\t\t\t\t\t<\/summary>\n\t\t\t\t<div role=\"region\" aria-labelledby=\"e-n-accordion-item-2360\" class=\"elementor-element elementor-element-abd9985 e-con-full e-flex e-con e-child\" data-id=\"abd9985\" data-element_type=\"container\" data-e-type=\"container\">\n\t\t\t\t<div class=\"elementor-element elementor-element-d0df564 elementor-widget elementor-widget-tablepress-table\" data-id=\"d0df564\" data-element_type=\"widget\" data-e-type=\"widget\" data-widget_type=\"tablepress-table.default\">\n\t\t\t\t\t\n<table id=\"tablepress-2\" class=\"tablepress tablepress-id-2 tbody-has-connected-cells\">\n<tbody>\n<tr class=\"row-1\">\n\t<td rowspan=\"2\" class=\"column-1\"><strong>Workshop 1<br \/>\n<br \/>\nGeb.3, 1. OG, Raum 3.101<\/strong><br \/>\n<br \/>\n\u201eLernen mit KI, Lernen \u00fcber KI, Lehren mit KI\u201c \u2013 Einsatz von KI in der gymnasialen Lehrkr\u00e4f-teaus- und fortbildung <br \/>\n<br \/>\n<em>Tobias Gerber<br \/>\nSAF Karlsruhe Gym. \/ ZSL RSKA<\/em><br \/>\n<br \/>\nGemeinschaftskunde\/Wirtschaft, Gymnasiales Lehramt<\/td><td rowspan=\"2\" class=\"column-2\"><strong>Workshop 2<br \/>\n<br \/>\nGeb.3, 1. OG, Raum 3.107<\/strong><br \/>\n<br \/>\nIndividual-Feedback in der Schulpraxis mithilfe von KI-Tools <br \/>\n<br \/>\n<em>G\u00fcnther Scheefer, Dr. Matthias Stober<br \/>\nZSL RSKA<\/em><br \/>\n<br \/>\nGeographie, Gymnasiales Lehramt<br \/>\n<\/td><td rowspan=\"2\" class=\"column-3\"><strong>Workshop 3<br \/>\n<br \/>\nGeb.3, 1. OG, Raum 3.110<\/strong><br \/>\n<br \/>\nH\u00f6rspielszenen schreiben mit KI-Textfeedback in der 5. u. 6. Klasse <br \/>\n<br \/>\n<em>Dr. Anne von Gunten<br \/>\nPH NMS Bern<\/em><br \/>\n<br \/>\nDeutsch, Sek I<\/td><td class=\"column-4\"><strong>Vortrag 1<br \/>\n<br \/>\nGeb.3, 1. OG, Raum 3.109<\/strong><br \/>\n<br \/>\nHerausforderungen und Chancen durch KI-generierte Visualisierun-gen im Unterricht<br \/>\n<br \/>\n<em>Patricia Engel-Hermann, Alexander Skulmowski<br \/>\nPHKA<\/em><br \/>\n<br \/>\nQuerschnitt, Sek I<\/td><td class=\"column-5\"><strong>Vortrag 2<br \/>\n<br \/>\nGeb.3, 1. OG, Raum 3.122<\/strong><br \/>\n<br \/>\nGenerative KI und Ma-thematik \u2013 keine Liebe auf den ersten Blick!<br \/>\n<br \/>\n<em>Martin Resch<br \/>\nZSL RSKA<\/em><br \/>\n<br \/>\nMathematik, Gymnasiales Lehramt<\/td><td class=\"column-6\"><strong>Vortrag 3<br \/>\n<br \/>\nGeb.1, 1. OG, HS 1.103<\/strong><br \/>\n<br \/>\nDigitalisierung und KI im Sportunterricht: KI schreibt unseren Trai-ningsplan<br \/>\n<br \/>\n<em>Dr. Moritz M\u00f6dinger<br \/>\nKIT<\/em><br \/>\n<br \/>\nSport, Gymnasiales Lehramt<br \/>\n<\/td>\n<\/tr>\n<tr class=\"row-2\">\n\t<td class=\"column-4\"><strong>Vortrag 4<br \/>\n<br \/>\nGeb.3, 1. OG, Raum 3.109<\/strong><br \/>\n<br \/>\n\u201eWarum m\u00fcssen wir das lernen, wenn ChatGPT die Antwort wei\u00df\u201c \u2013 p\u00e4-dagogische \u00dcberlegun-gen zum KI-Einsatz in verschiedenen Unter-richtsphasen<br \/>\n<br \/>\n<em>Dr. Johannes Gutbrod, Julian Daubaris<br \/>\nKIT, Universit\u00e4t Erfurt<\/em><br \/>\n<br \/>\nQuerschnitt, Gymnasiales Lehramt<\/td><td class=\"column-5\"><strong>Vortrag 5<br \/>\n<br \/>\nGeb.3, 1. OG, Raum 3.122<\/strong><br \/>\n<br \/>\nAm Anfang steht der Prompt, doch l\u00e4ngst ha-ben wir gelernt, dass \u201eMach mir mal ein \u00dcbungsblatt zum Bruch-rechnen\u201c nicht ausreicht<br \/>\n<br \/>\n<em>Martin Resch<br \/>\nZSL RSKA<\/em><br \/>\n<br \/>\nMathematik, Gymnasiales Lehramt<\/td><td class=\"column-6\"><strong>Vortrag 6:<br \/>\nGeb.1, 1. OG, HS 1.103<\/strong><br \/>\n<br \/>\nForschungsbasierte Ent-wicklung und Implemen-tation simulationsbasier-ter Lernumgebungen: Das Fortbildungskonzept LUCA2Practice<br \/>\n<br \/>\n<em>Sophia Gentner, Prof. Dr. J\u00fcrgen Seifried<br \/>\nUniversit\u00e4t Mannheim<\/em><br \/>\n<br \/>\nWirtschaft, berufliches Lehramt<\/td>\n<\/tr>\n<\/tbody>\n<\/table>\n<!-- #tablepress-2 from cache -->\t\t\t\t<\/div>\n\t\t\t\t<\/div>\n\t\t\t\t\t<\/details>\n\t\t\t\t\t\t<details id=\"e-n-accordion-item-2361\" class=\"e-n-accordion-item\" >\n\t\t\t\t<summary class=\"e-n-accordion-item-title\" data-accordion-index=\"2\" tabindex=\"-1\" aria-expanded=\"false\" aria-controls=\"e-n-accordion-item-2361\" >\n\t\t\t\t\t<span class='e-n-accordion-item-title-header'><div class=\"e-n-accordion-item-title-text\"> Session 2 (11:00 - 12:00 Uhr) <\/div><\/span>\n\t\t\t\t\t\t\t<span class='e-n-accordion-item-title-icon'>\n\t\t\t<span class='e-opened' ><svg aria-hidden=\"true\" class=\"e-font-icon-svg e-fas-minus\" viewBox=\"0 0 448 512\" xmlns=\"http:\/\/www.w3.org\/2000\/svg\"><path d=\"M416 208H32c-17.67 0-32 14.33-32 32v32c0 17.67 14.33 32 32 32h384c17.67 0 32-14.33 32-32v-32c0-17.67-14.33-32-32-32z\"><\/path><\/svg><\/span>\n\t\t\t<span class='e-closed'><svg aria-hidden=\"true\" class=\"e-font-icon-svg e-fas-plus\" viewBox=\"0 0 448 512\" xmlns=\"http:\/\/www.w3.org\/2000\/svg\"><path d=\"M416 208H272V64c0-17.67-14.33-32-32-32h-32c-17.67 0-32 14.33-32 32v144H32c-17.67 0-32 14.33-32 32v32c0 17.67 14.33 32 32 32h144v144c0 17.67 14.33 32 32 32h32c17.67 0 32-14.33 32-32V304h144c17.67 0 32-14.33 32-32v-32c0-17.67-14.33-32-32-32z\"><\/path><\/svg><\/span>\n\t\t<\/span>\n\n\t\t\t\t\t\t<\/summary>\n\t\t\t\t<div role=\"region\" aria-labelledby=\"e-n-accordion-item-2361\" class=\"elementor-element elementor-element-83b5d19 e-con-full e-flex e-con e-child\" data-id=\"83b5d19\" data-element_type=\"container\" data-e-type=\"container\">\n\t\t\t\t<div class=\"elementor-element elementor-element-9cc4ed3 elementor-widget elementor-widget-tablepress-table\" data-id=\"9cc4ed3\" data-element_type=\"widget\" data-e-type=\"widget\" data-widget_type=\"tablepress-table.default\">\n\t\t\t\t\t\n<table id=\"tablepress-3\" class=\"tablepress tablepress-id-3 tbody-has-connected-cells\">\n<tbody>\n<tr class=\"row-1\">\n\t<td rowspan=\"2\" class=\"column-1\"><strong>Workshop 4:<br \/>\nGeb.3, 1. OG, Raum 3.101<\/strong><br \/>\n<br \/>\nKI und Mathematik: CAMMP <br \/>\n<br \/>\n<em>Stephan Kindler, CAMMP-Team<br \/>\nKIT<\/em><br \/>\n<br \/>\nMathematik, Gymnasiales Lehramt<\/td><td rowspan=\"2\" class=\"column-2\"><strong>Workshop 5:<br \/>\nGeb.3, 1. OG, Raum 3.107<\/strong><br \/>\n<br \/>\nDigital Storytelling mit iPads: Von der Forschung zur Unterrichtspraxis <br \/>\n<br \/>\n<em>Maximilian Stoller<br \/>\nPHKA<\/em><br \/>\n<br \/>\nDeutsch, Sek I<\/td><td rowspan=\"2\" class=\"column-3\"><strong>Workshop 6:<br \/>\nGeb.3, 1. OG, Raum 3.110<\/strong><br \/>\n<br \/>\nKI-Modelle selbst erweitern und nutzen<br \/>\n<br \/>\n<em>Prof. Dr. Bernhard Standl<br \/>\nPHKA<\/em><br \/>\n<br \/>\nInformatik, \u00fcbergreifend<\/td><td class=\"column-4\"><strong>Vortrag 7: <br \/>\nGeb.3, 1. OG, Raum 3.109<\/strong><br \/>\n<br \/>\nDigitale Lernumgebungen als Zusatzangebot f\u00fcr den Mathematikunterricht in der Unterstufe<br \/>\n<br \/>\n<em>Dr. Ingrid Lenhardt, Dr. Peter Kaiser<br \/>\nKIT<\/em><br \/>\n<br \/>\nMathematik, Sek I<\/td><td class=\"column-5\"><strong>Vortrag 8: <br \/>\nGeb.3, 1. OG, Raum 3.122<\/strong><br \/>\n<br \/>\nReally? Augmented Reality im MINT-Unterricht <br \/>\n<br \/>\n<em>Constanze Lotter<br \/>\nZSL RSKA<\/em><br \/>\n<br \/>\nMINT, Gymnasiales Lehramt<br \/>\n<\/td>\n<\/tr>\n<tr class=\"row-2\">\n\t<td class=\"column-4\"><strong>Vortrag 9: <br \/>\nGeb.3, 1. OG, Raum 3.109<\/strong><br \/>\n<br \/>\nWirksamer Wirtschaftsunterricht in der digitalen Welt \u2013 Ein Moodle-Kurs f\u00fcr die 2. Phase der Lehrerausbildung im Fach Wirtschaft<br \/>\n<br \/>\n<em>Thomas Weigelt, Uwe H\u00fcpping<br \/>\nSAF Karlsruhe Berufliche Schulen<\/em><br \/>\n<br \/>\nWirtschaft, Berufliches Lehramt<\/td><td class=\"column-5\"><strong>Vortrag 10: <br \/>\nGeb.3, 1. OG, Raum 3.122<\/strong><br \/>\n<br \/>\nDer digitale Experimentierkoffer <br \/>\n<br \/>\n<em>Dr. Matthias Hauck<br \/>\nZSL RSKA<\/em><br \/>\n<br \/>\nPhysik, Gymnasiales Lehramt<\/td>\n<\/tr>\n<\/tbody>\n<\/table>\n<!-- #tablepress-3 from cache -->\t\t\t\t<\/div>\n\t\t\t\t<\/div>\n\t\t\t\t\t<\/details>\n\t\t\t\t\t\t<details id=\"e-n-accordion-item-2362\" class=\"e-n-accordion-item\" >\n\t\t\t\t<summary class=\"e-n-accordion-item-title\" data-accordion-index=\"3\" tabindex=\"-1\" aria-expanded=\"false\" aria-controls=\"e-n-accordion-item-2362\" >\n\t\t\t\t\t<span class='e-n-accordion-item-title-header'><div class=\"e-n-accordion-item-title-text\"> Session 3 (13:00 - 14:00 Uhr) <\/div><\/span>\n\t\t\t\t\t\t\t<span class='e-n-accordion-item-title-icon'>\n\t\t\t<span class='e-opened' ><svg aria-hidden=\"true\" class=\"e-font-icon-svg e-fas-minus\" viewBox=\"0 0 448 512\" xmlns=\"http:\/\/www.w3.org\/2000\/svg\"><path d=\"M416 208H32c-17.67 0-32 14.33-32 32v32c0 17.67 14.33 32 32 32h384c17.67 0 32-14.33 32-32v-32c0-17.67-14.33-32-32-32z\"><\/path><\/svg><\/span>\n\t\t\t<span class='e-closed'><svg aria-hidden=\"true\" class=\"e-font-icon-svg e-fas-plus\" viewBox=\"0 0 448 512\" xmlns=\"http:\/\/www.w3.org\/2000\/svg\"><path d=\"M416 208H272V64c0-17.67-14.33-32-32-32h-32c-17.67 0-32 14.33-32 32v144H32c-17.67 0-32 14.33-32 32v32c0 17.67 14.33 32 32 32h144v144c0 17.67 14.33 32 32 32h32c17.67 0 32-14.33 32-32V304h144c17.67 0 32-14.33 32-32v-32c0-17.67-14.33-32-32-32z\"><\/path><\/svg><\/span>\n\t\t<\/span>\n\n\t\t\t\t\t\t<\/summary>\n\t\t\t\t<div role=\"region\" aria-labelledby=\"e-n-accordion-item-2362\" class=\"elementor-element elementor-element-f3662db e-con-full e-flex e-con e-child\" data-id=\"f3662db\" data-element_type=\"container\" data-e-type=\"container\">\n\t\t\t\t<div class=\"elementor-element elementor-element-9b25029 elementor-widget elementor-widget-tablepress-table\" data-id=\"9b25029\" data-element_type=\"widget\" data-e-type=\"widget\" data-widget_type=\"tablepress-table.default\">\n\t\t\t\t\t\n<table id=\"tablepress-4\" class=\"tablepress tablepress-id-4 tbody-has-connected-cells\">\n<tbody>\n<tr class=\"row-1\">\n\t<td rowspan=\"2\" class=\"column-1\"><strong>Workshop 7:<br \/>\nGeb.3, 1. OG, Raum 3.101<\/strong><br \/>\n<br \/>\nDurch digitale Tools den Zugang zu Wissen erleichtern (Beispiel: 360\u00b0-Videos)<br \/>\n<br \/>\n<em>Dr. Mareike D\u00f6tsch, Alexander Hock<br \/>\nKIT<\/em><br \/>\n<br \/>\nQuerschnitt (BNE), Gymnasiales Lehramt<\/td><td rowspan=\"2\" class=\"column-2\"><strong>Workshop 8:<br \/>\nGeb.3, 1. OG, Raum 3.107<\/strong><br \/>\n<br \/>\nSilent Lab: Immersives Storytelling als Praxisimpuls aus der au\u00dferschulischen Bildung <br \/>\n<br \/>\n<em>Tom Woschitz<br \/>\nStarkmacher e.V. Mannheim<\/em><br \/>\n<br \/>\nQuerschnitt, \u00fcbergreifend<\/td><td rowspan=\"2\" class=\"column-3\"><strong>Workshop 9:<br \/>\nGeb.3, 1. OG, Raum 3.110<\/strong><br \/>\n<br \/>\nDer digitalen Bedrohung mit Sozioinformatischem Denken begegnen: Wie Feindbilder und Propaganda im Internet unsere Demokratie gef\u00e4hrden und was wir dagegen tun k\u00f6nnen<br \/>\n<br \/>\n<em>Dr. Ulf Frank Kerber<br \/>\nPHKA<\/em><br \/>\n<br \/>\nGeschichte, \u00fcbergreifend<\/td><td class=\"column-4\"><strong>Vortrag 11:<br \/>\nGeb.3, 1. OG, Raum 3.109<\/strong><br \/>\n<br \/>\nM\u00f6glichkeiten interdisziplin\u00e4ren und digitalen Lernens am Beispiel einer virtuellen Ausstellung zum Thema \u201eMusik und Revolution\u201c<br \/>\n<br \/>\n<em>Dr. des. Sonja Welsch, Dr. Annette Deschner-Brendel<br \/>\nPHKA<\/em><em><br \/>\n<br \/>\nMusik, \u00fcbergreifend<\/td><td class=\"column-5\"><strong>Vortrag 12:<br \/>\nGeb.3, 1. OG, Raum 3.122<\/strong><br \/>\n<br \/>\nDigitale Kompetenzen der Textproduktion in der Primarstufe f\u00f6rdern (DigiTex)<br \/>\n<br \/>\n<em>Kathrin Heller<br \/>\nPHKA<\/em><br \/>\n<br \/>\nDeutsch, Primarstufe<\/td>\n<\/tr>\n<tr class=\"row-2\">\n\t<td class=\"column-4\"><strong>Vortrag 13:<br \/>\nGeb.3, 1. OG, Raum 3.109<\/strong><br \/>\n<br \/>\nWirksamer Unterricht im digitalen Zeitalter Digitale Medien im Praxiseinsatz in der 2. Phase der Lehrerausbildung am Beruflichen Seminar Karlsruhe <br \/>\n<br \/>\n<em>Thomas Weigelt, Uwe H\u00fcpping<br \/>\nSAF Karlsruhe Berufliche Schulen<\/em><\/td><td class=\"column-5\"><strong>Vortrag 14:<br \/>\nGeb.3, 1. OG, Raum 3.122<\/strong><br \/>\n<br \/>\nDigitale Rechtschreibhilfen im Deutschunterricht der Primarstufe <br \/>\n<br \/>\n<em>Tina Neff<br \/>\nPHKA<\/em><br \/>\n<br \/>\nDeutsch, Primarstufe<\/td>\n<\/tr>\n<\/tbody>\n<\/table>\n<!-- #tablepress-4 from cache -->\t\t\t\t<\/div>\n\t\t\t\t<\/div>\n\t\t\t\t\t<\/details>\n\t\t\t\t\t\t<details id=\"e-n-accordion-item-2363\" class=\"e-n-accordion-item\" >\n\t\t\t\t<summary class=\"e-n-accordion-item-title\" data-accordion-index=\"4\" tabindex=\"-1\" aria-expanded=\"false\" aria-controls=\"e-n-accordion-item-2363\" >\n\t\t\t\t\t<span class='e-n-accordion-item-title-header'><div class=\"e-n-accordion-item-title-text\"> Session 4 (14:00 - 15:00 Uhr) <\/div><\/span>\n\t\t\t\t\t\t\t<span class='e-n-accordion-item-title-icon'>\n\t\t\t<span class='e-opened' ><svg aria-hidden=\"true\" class=\"e-font-icon-svg e-fas-minus\" viewBox=\"0 0 448 512\" xmlns=\"http:\/\/www.w3.org\/2000\/svg\"><path d=\"M416 208H32c-17.67 0-32 14.33-32 32v32c0 17.67 14.33 32 32 32h384c17.67 0 32-14.33 32-32v-32c0-17.67-14.33-32-32-32z\"><\/path><\/svg><\/span>\n\t\t\t<span class='e-closed'><svg aria-hidden=\"true\" class=\"e-font-icon-svg e-fas-plus\" viewBox=\"0 0 448 512\" xmlns=\"http:\/\/www.w3.org\/2000\/svg\"><path d=\"M416 208H272V64c0-17.67-14.33-32-32-32h-32c-17.67 0-32 14.33-32 32v144H32c-17.67 0-32 14.33-32 32v32c0 17.67 14.33 32 32 32h144v144c0 17.67 14.33 32 32 32h32c17.67 0 32-14.33 32-32V304h144c17.67 0 32-14.33 32-32v-32c0-17.67-14.33-32-32-32z\"><\/path><\/svg><\/span>\n\t\t<\/span>\n\n\t\t\t\t\t\t<\/summary>\n\t\t\t\t<div role=\"region\" aria-labelledby=\"e-n-accordion-item-2363\" class=\"elementor-element elementor-element-e263289 e-flex e-con-boxed e-con e-child\" data-id=\"e263289\" data-element_type=\"container\" data-e-type=\"container\">\n\t\t\t\t\t<div class=\"e-con-inner\">\n\t\t\t\t<div class=\"elementor-element elementor-element-6c1f58a elementor-widget elementor-widget-tablepress-table\" data-id=\"6c1f58a\" data-element_type=\"widget\" data-e-type=\"widget\" data-widget_type=\"tablepress-table.default\">\n\t\t\t\t\t\n<table id=\"tablepress-5\" class=\"tablepress tablepress-id-5 tbody-has-connected-cells\">\n<tbody>\n<tr class=\"row-1\">\n\t<td rowspan=\"2\" class=\"column-1\"><strong>Workshop 10:<br \/>\nGeb.3, 1. OG, Raum 3.101<\/strong><br \/>\n<br \/>\nDigitale Selbsteinsch\u00e4tzungen als Schl\u00fcssel selbstregulierten Lernens <br \/>\n<br \/>\n<em>Jun.-Prof. Dr. Anja Prinz-Wei\u00df, M. Sc. Martin Fifka, M. A. Celina Safferthal, M. A. Theresa Walesch<br \/>\nPHKA<\/em><br \/>\n<br \/>\nQuerschnitt, \u00fcbergreifend<\/td><td rowspan=\"2\" class=\"column-2\"><strong>Workshop 11:<br \/>\nGeb.3, 1. OG, Raum 3.107<\/strong><br \/>\n<br \/>\nEducational Escape Rooms: Interaktive Lernspiele f\u00fcr motivierte Lernerfolge<br \/>\n<br \/>\n<em>Svenja Gei\u00dfler<br \/>\nKIT<\/em><br \/>\n<br \/>\nQuerschnitt, \u00fcbergreifend<\/td><td rowspan=\"2\" class=\"column-3\"><strong>Workshop 12:<br \/>\nGeb.3, 1. OG, Raum 3.110<\/strong><br \/>\n<br \/>\nUnternehmerische IT-Bildung an Schulen<br \/>\n<br \/>\n<em>Erbil Yilmaz, Dr. Anette Bentz<br \/>\nPHKA<\/em><br \/>\n<br \/>\nWirtschaft\/Informatik, Sek I<\/td><td rowspan=\"2\" class=\"column-4\"><strong>Workshop 13<br \/>\nGeb.3, 1. OG, Raum 3.109<\/strong><br \/>\n<br \/>\nK\u00fcnstliche Intelligenz kreativ nutzen: Musikprojekte im Unterricht gestalten<br \/>\n<br \/>\n<em>Christian Heneka<br \/>\nHopp Foundation<\/em><br \/>\n<br \/>\nMusik, \u00fcbergreifend<\/td><td class=\"column-5\"><strong>Vortrag 15:<br \/>\nGeb.3, 1. OG, Raum 3.122<\/strong><br \/>\n<br \/>\nDigitale Ressourcenr\u00e4ume entwickeln, gestalten und adaptieren <br \/>\n<br \/>\n<em>PD Dr. Beate Laudenberg, Dr. Jenny Winterscheid<br \/>\nPHKA<\/em><br \/>\n<br \/>\nDeutsch, Sek I<\/td>\n<\/tr>\n<tr class=\"row-2\">\n\t<td class=\"column-5\"><strong>Vortrag 16: !! ENTF\u00c4LLT !!<br \/>\nGeb.3, 1. OG, Raum 3.122<\/strong><br \/>\n<br \/>\nKI in der Planung von Sachunterricht? Erkundungen zum Potenzial aus Sicht von Lehramtsstudierenden und Fachdidaktik <br \/>\n<br \/>\n<em>Selina Loew, Ann-Kristin M\u00fcller, Prof. Dr. Janis F\u00f6gele<br \/>\nUniversit\u00e4t des Saarlandes, PHKA<\/em><br \/>\n<br \/>\nPrimarstufe, Sachunterricht<\/td>\n<\/tr>\n<\/tbody>\n<\/table>\n<!-- #tablepress-5 from cache -->\t\t\t\t<\/div>\n\t\t\t\t\t<\/div>\n\t\t\t\t<\/div>\n\t\t\t\t\t<\/details>\n\t\t\t\t\t<\/div>\n\t\t\t\t\t\t<\/div>\n\t\t\t\t<\/div>\n\t\t\t\t\t<\/div>\n\t\t\t\t<\/div>\n\t\t<div class=\"elementor-element elementor-element-43203be e-flex e-con-boxed e-con e-parent\" data-id=\"43203be\" data-element_type=\"container\" data-e-type=\"container\">\n\t\t\t\t\t<div class=\"e-con-inner\">\n\t\t\t\t<div class=\"elementor-element elementor-element-273db74 elementor-widget-divider--view-line elementor-widget elementor-widget-divider\" data-id=\"273db74\" data-element_type=\"widget\" data-e-type=\"widget\" data-widget_type=\"divider.default\">\n\t\t\t\t<div class=\"elementor-widget-container\">\n\t\t\t\t\t\t\t<div class=\"elementor-divider\">\n\t\t\t<span class=\"elementor-divider-separator\">\n\t\t\t\t\t\t<\/span>\n\t\t<\/div>\n\t\t\t\t\t\t<\/div>\n\t\t\t\t<\/div>\n\t\t\t\t\t<\/div>\n\t\t\t\t<\/div>\n\t\t<div class=\"elementor-element elementor-element-6a531dd e-flex e-con-boxed e-con e-parent\" data-id=\"6a531dd\" data-element_type=\"container\" data-e-type=\"container\">\n\t\t\t\t\t<div class=\"e-con-inner\">\n\t\t\t\t<div class=\"elementor-element elementor-element-df5d0a2 elementor-widget elementor-widget-heading\" data-id=\"df5d0a2\" data-element_type=\"widget\" data-e-type=\"widget\" data-widget_type=\"heading.default\">\n\t\t\t\t<div class=\"elementor-widget-container\">\n\t\t\t\t\t<h4 class=\"elementor-heading-title elementor-size-default\">Ausf\u00fchrliche \u00dcbersicht aller Sessions inkl. Inhaltsbeschreibungen<\/h4>\t\t\t\t<\/div>\n\t\t\t\t<\/div>\n\t\t\t\t\t<\/div>\n\t\t\t\t<\/div>\n\t\t<div class=\"elementor-element elementor-element-4cf0baa e-flex e-con-boxed e-con e-parent\" data-id=\"4cf0baa\" data-element_type=\"container\" data-e-type=\"container\">\n\t\t\t\t\t<div class=\"e-con-inner\">\n\t\t\t\t<div class=\"elementor-element elementor-element-e505f02 elementor-widget elementor-widget-text-editor\" data-id=\"e505f02\" data-element_type=\"widget\" data-e-type=\"widget\" data-widget_type=\"text-editor.default\">\n\t\t\t\t<div class=\"elementor-widget-container\">\n\t\t\t\t\t\t\t\t\t<h5>Einen \u00dcberblick \u00fcber alle angebotenen Workshops und Kurzvortr\u00e4ge inklusive aller Inhaltsbeschreibungen finden Sie in dieser <a href=\"https:\/\/www.kse-karlsruhe.de\/wp-content\/uploads\/2025\/11\/Gesamtuebersicht_Tagungsprogramm_Version_I.pdf\">\u00dcbersichts-PDF<\/a>.<\/h5>\t\t\t\t\t\t\t\t<\/div>\n\t\t\t\t<\/div>\n\t\t\t\t\t<\/div>\n\t\t\t\t<\/div>\n\t\t<div class=\"elementor-element elementor-element-cc158e9 e-flex e-con-boxed e-con e-parent\" data-id=\"cc158e9\" data-element_type=\"container\" data-e-type=\"container\">\n\t\t\t\t\t<div class=\"e-con-inner\">\n\t\t\t\t<div class=\"elementor-element elementor-element-51a50f0 elementor-widget-divider--view-line elementor-widget elementor-widget-divider\" data-id=\"51a50f0\" data-element_type=\"widget\" data-e-type=\"widget\" data-widget_type=\"divider.default\">\n\t\t\t\t<div class=\"elementor-widget-container\">\n\t\t\t\t\t\t\t<div class=\"elementor-divider\">\n\t\t\t<span class=\"elementor-divider-separator\">\n\t\t\t\t\t\t<\/span>\n\t\t<\/div>\n\t\t\t\t\t\t<\/div>\n\t\t\t\t<\/div>\n\t\t\t\t\t<\/div>\n\t\t\t\t<\/div>\n\t\t<div class=\"elementor-element elementor-element-a67089c e-flex e-con-boxed e-con e-parent\" data-id=\"a67089c\" data-element_type=\"container\" data-e-type=\"container\">\n\t\t\t\t\t<div class=\"e-con-inner\">\n\t\t\t\t<div class=\"elementor-element elementor-element-9aff45f elementor-widget elementor-widget-heading\" data-id=\"9aff45f\" data-element_type=\"widget\" data-e-type=\"widget\" data-widget_type=\"heading.default\">\n\t\t\t\t<div class=\"elementor-widget-container\">\n\t\t\t\t\t<h4 class=\"elementor-heading-title elementor-size-default\">Lageplan mit Geb\u00e4uden der P\u00e4dagogischen Hochschule Karlsruhe<\/h4>\t\t\t\t<\/div>\n\t\t\t\t<\/div>\n\t\t\t\t\t<\/div>\n\t\t\t\t<\/div>\n\t\t<div class=\"elementor-element elementor-element-c54b9f4 e-flex e-con-boxed e-con e-parent\" data-id=\"c54b9f4\" data-element_type=\"container\" data-e-type=\"container\">\n\t\t\t\t\t<div class=\"e-con-inner\">\n\t\t\t\t<div class=\"elementor-element elementor-element-dc4703c elementor-widget elementor-widget-image\" data-id=\"dc4703c\" data-element_type=\"widget\" data-e-type=\"widget\" data-widget_type=\"image.default\">\n\t\t\t\t<div class=\"elementor-widget-container\">\n\t\t\t\t\t\t\t\t\t\t\t\t\t\t\t<img fetchpriority=\"high\" decoding=\"async\" width=\"800\" height=\"267\" src=\"https:\/\/www.kse-karlsruhe.de\/wp-content\/uploads\/2025\/07\/UEbersichtsplan_Campus_2025-1024x342.jpg\" class=\"attachment-large size-large wp-image-1070\" alt=\"\" srcset=\"https:\/\/www.kse-karlsruhe.de\/wp-content\/uploads\/2025\/07\/UEbersichtsplan_Campus_2025-1024x342.jpg 1024w, https:\/\/www.kse-karlsruhe.de\/wp-content\/uploads\/2025\/07\/UEbersichtsplan_Campus_2025-300x100.jpg 300w, https:\/\/www.kse-karlsruhe.de\/wp-content\/uploads\/2025\/07\/UEbersichtsplan_Campus_2025-768x256.jpg 768w, https:\/\/www.kse-karlsruhe.de\/wp-content\/uploads\/2025\/07\/UEbersichtsplan_Campus_2025-1536x513.jpg 1536w, https:\/\/www.kse-karlsruhe.de\/wp-content\/uploads\/2025\/07\/UEbersichtsplan_Campus_2025-2048x684.jpg 2048w\" sizes=\"(max-width: 800px) 100vw, 800px\" \/>\t\t\t\t\t\t\t\t\t\t\t\t\t\t\t<\/div>\n\t\t\t\t<\/div>\n\t\t\t\t\t<\/div>\n\t\t\t\t<\/div>\n\t\t<div class=\"elementor-element elementor-element-9a52d0b e-flex e-con-boxed e-con e-parent\" data-id=\"9a52d0b\" data-element_type=\"container\" data-e-type=\"container\">\n\t\t\t\t\t<div class=\"e-con-inner\">\n\t\t\t\t<div class=\"elementor-element elementor-element-bc50e25 elementor-widget-divider--view-line elementor-widget elementor-widget-divider\" data-id=\"bc50e25\" data-element_type=\"widget\" data-e-type=\"widget\" data-widget_type=\"divider.default\">\n\t\t\t\t<div class=\"elementor-widget-container\">\n\t\t\t\t\t\t\t<div class=\"elementor-divider\">\n\t\t\t<span class=\"elementor-divider-separator\">\n\t\t\t\t\t\t<\/span>\n\t\t<\/div>\n\t\t\t\t\t\t<\/div>\n\t\t\t\t<\/div>\n\t\t\t\t\t<\/div>\n\t\t\t\t<\/div>\n\t\t<div class=\"elementor-element elementor-element-21c0701 e-flex e-con-boxed e-con e-parent\" data-id=\"21c0701\" data-element_type=\"container\" data-e-type=\"container\">\n\t\t\t\t\t<div class=\"e-con-inner\">\n\t\t\t\t<div class=\"elementor-element elementor-element-d48abaa elementor-widget elementor-widget-heading\" data-id=\"d48abaa\" data-element_type=\"widget\" data-e-type=\"widget\" data-widget_type=\"heading.default\">\n\t\t\t\t<div class=\"elementor-widget-container\">\n\t\t\t\t\t<h2 class=\"elementor-heading-title elementor-size-default\">Allgemeine Informationen<\/h2>\t\t\t\t<\/div>\n\t\t\t\t<\/div>\n\t\t\t\t\t<\/div>\n\t\t\t\t<\/div>\n\t\t<div class=\"elementor-element elementor-element-c783975 e-flex e-con-boxed e-con e-parent\" data-id=\"c783975\" data-element_type=\"container\" data-e-type=\"container\">\n\t\t\t\t\t<div class=\"e-con-inner\">\n\t\t\t\t<div class=\"elementor-element elementor-element-b0d13a2 elementor-widget elementor-widget-n-accordion\" data-id=\"b0d13a2\" data-element_type=\"widget\" data-e-type=\"widget\" data-settings=\"{&quot;default_state&quot;:&quot;all_collapsed&quot;,&quot;max_items_expended&quot;:&quot;one&quot;,&quot;n_accordion_animation_duration&quot;:{&quot;unit&quot;:&quot;ms&quot;,&quot;size&quot;:400,&quot;sizes&quot;:[]}}\" data-widget_type=\"nested-accordion.default\">\n\t\t\t\t<div class=\"elementor-widget-container\">\n\t\t\t\t\t\t\t<div class=\"e-n-accordion\" aria-label=\"Accordion. Open links with Enter or Space, close with Escape, and navigate with Arrow Keys\">\n\t\t\t\t\t\t<details id=\"e-n-accordion-item-1850\" class=\"e-n-accordion-item\" >\n\t\t\t\t<summary class=\"e-n-accordion-item-title\" data-accordion-index=\"1\" tabindex=\"0\" aria-expanded=\"false\" aria-controls=\"e-n-accordion-item-1850\" >\n\t\t\t\t\t<span class='e-n-accordion-item-title-header'><div class=\"e-n-accordion-item-title-text\"> Daten &amp; Fristen <\/div><\/span>\n\t\t\t\t\t\t\t<span class='e-n-accordion-item-title-icon'>\n\t\t\t<span class='e-opened' ><svg aria-hidden=\"true\" class=\"e-font-icon-svg e-fas-minus\" viewBox=\"0 0 448 512\" xmlns=\"http:\/\/www.w3.org\/2000\/svg\"><path d=\"M416 208H32c-17.67 0-32 14.33-32 32v32c0 17.67 14.33 32 32 32h384c17.67 0 32-14.33 32-32v-32c0-17.67-14.33-32-32-32z\"><\/path><\/svg><\/span>\n\t\t\t<span class='e-closed'><svg aria-hidden=\"true\" class=\"e-font-icon-svg e-fas-plus\" viewBox=\"0 0 448 512\" xmlns=\"http:\/\/www.w3.org\/2000\/svg\"><path d=\"M416 208H272V64c0-17.67-14.33-32-32-32h-32c-17.67 0-32 14.33-32 32v144H32c-17.67 0-32 14.33-32 32v32c0 17.67 14.33 32 32 32h144v144c0 17.67 14.33 32 32 32h32c17.67 0 32-14.33 32-32V304h144c17.67 0 32-14.33 32-32v-32c0-17.67-14.33-32-32-32z\"><\/path><\/svg><\/span>\n\t\t<\/span>\n\n\t\t\t\t\t\t<\/summary>\n\t\t\t\t<div role=\"region\" aria-labelledby=\"e-n-accordion-item-1850\" class=\"elementor-element elementor-element-d130d14 e-con-full e-flex e-con e-child\" data-id=\"d130d14\" data-element_type=\"container\" data-e-type=\"container\">\n\t\t\t\t<div class=\"elementor-element elementor-element-f804fcf elementor-widget elementor-widget-text-editor\" data-id=\"f804fcf\" data-element_type=\"widget\" data-e-type=\"widget\" data-widget_type=\"text-editor.default\">\n\t\t\t\t<div class=\"elementor-widget-container\">\n\t\t\t\t\t\t\t\t\t<p>\u00dcberblick \u00fcber Fristen und Daten der Transfertagung:<\/p>\n<ul>\n<li>Beitragseinreichung: bis 31. Mai 2025<\/li>\n<li>Bekanntgabe der Beitragsannahme: Juni 2025<\/li>\n<li>Tagungsanmeldung: bis 31.10.2025<\/li>\n<li>Tagung in Pr\u00e4senz: 14. November 2025<\/li>\n<\/ul>\t\t\t\t\t\t\t\t<\/div>\n\t\t\t\t<\/div>\n\t\t\t\t<\/div>\n\t\t\t\t\t<\/details>\n\t\t\t\t\t\t<details id=\"e-n-accordion-item-1851\" class=\"e-n-accordion-item\" >\n\t\t\t\t<summary class=\"e-n-accordion-item-title\" data-accordion-index=\"2\" tabindex=\"-1\" aria-expanded=\"false\" aria-controls=\"e-n-accordion-item-1851\" >\n\t\t\t\t\t<span class='e-n-accordion-item-title-header'><div class=\"e-n-accordion-item-title-text\"> Anmeldung &amp; Kosten <\/div><\/span>\n\t\t\t\t\t\t\t<span class='e-n-accordion-item-title-icon'>\n\t\t\t<span class='e-opened' ><svg aria-hidden=\"true\" class=\"e-font-icon-svg e-fas-minus\" viewBox=\"0 0 448 512\" xmlns=\"http:\/\/www.w3.org\/2000\/svg\"><path d=\"M416 208H32c-17.67 0-32 14.33-32 32v32c0 17.67 14.33 32 32 32h384c17.67 0 32-14.33 32-32v-32c0-17.67-14.33-32-32-32z\"><\/path><\/svg><\/span>\n\t\t\t<span class='e-closed'><svg aria-hidden=\"true\" class=\"e-font-icon-svg e-fas-plus\" viewBox=\"0 0 448 512\" xmlns=\"http:\/\/www.w3.org\/2000\/svg\"><path d=\"M416 208H272V64c0-17.67-14.33-32-32-32h-32c-17.67 0-32 14.33-32 32v144H32c-17.67 0-32 14.33-32 32v32c0 17.67 14.33 32 32 32h144v144c0 17.67 14.33 32 32 32h32c17.67 0 32-14.33 32-32V304h144c17.67 0 32-14.33 32-32v-32c0-17.67-14.33-32-32-32z\"><\/path><\/svg><\/span>\n\t\t<\/span>\n\n\t\t\t\t\t\t<\/summary>\n\t\t\t\t<div role=\"region\" aria-labelledby=\"e-n-accordion-item-1851\" class=\"elementor-element elementor-element-c16b842 e-con-full e-flex e-con e-child\" data-id=\"c16b842\" data-element_type=\"container\" data-e-type=\"container\">\n\t\t\t\t<div class=\"elementor-element elementor-element-dfd66e4 elementor-widget elementor-widget-text-editor\" data-id=\"dfd66e4\" data-element_type=\"widget\" data-e-type=\"widget\" data-widget_type=\"text-editor.default\">\n\t\t\t\t<div class=\"elementor-widget-container\">\n\t\t\t\t\t\t\t\t\t<p>F\u00fcr die Teilnahme an der Transfertagung ist eine Anmeldung erforderlich. Sie k\u00f6nnen sich \u00fcber <a href=\"https:\/\/www.hoc.kit.edu\/zlb\/Veranstaltungskalender.php\/register\/58406#calendar_top\">dieses Formular<\/a> anmelden.<\/p><p>Die Teilnahme an der Transfertagung ist kostenfrei.<\/p><p>Die Transfertagung ist als Fortbildung registriert, Lehrkr\u00e4fte finden diese in LFB unter der Nummer <span class=\"OYPEnA font-feature-liga-off font-feature-clig-off font-feature-calt-off text-decoration-none text-strikethrough-none\">5DK845.<\/span><\/p><p>Die Anmeldung ist bis zum 31.10.2025 ge\u00f6ffnet.<\/p>\t\t\t\t\t\t\t\t<\/div>\n\t\t\t\t<\/div>\n\t\t\t\t<\/div>\n\t\t\t\t\t<\/details>\n\t\t\t\t\t\t<details id=\"e-n-accordion-item-1852\" class=\"e-n-accordion-item\" >\n\t\t\t\t<summary class=\"e-n-accordion-item-title\" data-accordion-index=\"3\" tabindex=\"-1\" aria-expanded=\"false\" aria-controls=\"e-n-accordion-item-1852\" >\n\t\t\t\t\t<span class='e-n-accordion-item-title-header'><div class=\"e-n-accordion-item-title-text\"> Programm <\/div><\/span>\n\t\t\t\t\t\t\t<span class='e-n-accordion-item-title-icon'>\n\t\t\t<span class='e-opened' ><svg aria-hidden=\"true\" class=\"e-font-icon-svg e-fas-minus\" viewBox=\"0 0 448 512\" xmlns=\"http:\/\/www.w3.org\/2000\/svg\"><path d=\"M416 208H32c-17.67 0-32 14.33-32 32v32c0 17.67 14.33 32 32 32h384c17.67 0 32-14.33 32-32v-32c0-17.67-14.33-32-32-32z\"><\/path><\/svg><\/span>\n\t\t\t<span class='e-closed'><svg aria-hidden=\"true\" class=\"e-font-icon-svg e-fas-plus\" viewBox=\"0 0 448 512\" xmlns=\"http:\/\/www.w3.org\/2000\/svg\"><path d=\"M416 208H272V64c0-17.67-14.33-32-32-32h-32c-17.67 0-32 14.33-32 32v144H32c-17.67 0-32 14.33-32 32v32c0 17.67 14.33 32 32 32h144v144c0 17.67 14.33 32 32 32h32c17.67 0 32-14.33 32-32V304h144c17.67 0 32-14.33 32-32v-32c0-17.67-14.33-32-32-32z\"><\/path><\/svg><\/span>\n\t\t<\/span>\n\n\t\t\t\t\t\t<\/summary>\n\t\t\t\t<div role=\"region\" aria-labelledby=\"e-n-accordion-item-1852\" class=\"elementor-element elementor-element-53693d6 e-flex e-con-boxed e-con e-child\" data-id=\"53693d6\" data-element_type=\"container\" data-e-type=\"container\">\n\t\t\t\t\t<div class=\"e-con-inner\">\n\t\t\t\t<div class=\"elementor-element elementor-element-14acd38 elementor-widget elementor-widget-text-editor\" data-id=\"14acd38\" data-element_type=\"widget\" data-e-type=\"widget\" data-widget_type=\"text-editor.default\">\n\t\t\t\t<div class=\"elementor-widget-container\">\n\t\t\t\t\t\t\t\t\t<p>Das Programm setzt sich aus interaktiven Workshops und Kurzvortr\u00e4gen zusammen. Es finden je Session mehrere Workshops und Vortr\u00e4ge parallel statt. Workshops erstrecken sich \u00fcber 60min, Kurzvortr\u00e4ge \u00fcber 30min. An welchen Workshops und\/oder Kurzvortr\u00e4gen Sie teilnehmen, k\u00f6nnen Sie am Tag selbst entscheiden.<\/p><p>Eine inhaltliche Programm\u00fcbersicht aller Angebote finden Sie weiter oben auf dieser Seite.<\/p>\t\t\t\t\t\t\t\t<\/div>\n\t\t\t\t<\/div>\n\t\t\t\t\t<\/div>\n\t\t\t\t<\/div>\n\t\t\t\t\t<\/details>\n\t\t\t\t\t\t<details id=\"e-n-accordion-item-1853\" class=\"e-n-accordion-item\" >\n\t\t\t\t<summary class=\"e-n-accordion-item-title\" data-accordion-index=\"4\" tabindex=\"-1\" aria-expanded=\"false\" aria-controls=\"e-n-accordion-item-1853\" >\n\t\t\t\t\t<span class='e-n-accordion-item-title-header'><div class=\"e-n-accordion-item-title-text\"> Tagungsort &amp; Anreise <\/div><\/span>\n\t\t\t\t\t\t\t<span class='e-n-accordion-item-title-icon'>\n\t\t\t<span class='e-opened' ><svg aria-hidden=\"true\" class=\"e-font-icon-svg e-fas-minus\" viewBox=\"0 0 448 512\" xmlns=\"http:\/\/www.w3.org\/2000\/svg\"><path d=\"M416 208H32c-17.67 0-32 14.33-32 32v32c0 17.67 14.33 32 32 32h384c17.67 0 32-14.33 32-32v-32c0-17.67-14.33-32-32-32z\"><\/path><\/svg><\/span>\n\t\t\t<span class='e-closed'><svg aria-hidden=\"true\" class=\"e-font-icon-svg e-fas-plus\" viewBox=\"0 0 448 512\" xmlns=\"http:\/\/www.w3.org\/2000\/svg\"><path d=\"M416 208H272V64c0-17.67-14.33-32-32-32h-32c-17.67 0-32 14.33-32 32v144H32c-17.67 0-32 14.33-32 32v32c0 17.67 14.33 32 32 32h144v144c0 17.67 14.33 32 32 32h32c17.67 0 32-14.33 32-32V304h144c17.67 0 32-14.33 32-32v-32c0-17.67-14.33-32-32-32z\"><\/path><\/svg><\/span>\n\t\t<\/span>\n\n\t\t\t\t\t\t<\/summary>\n\t\t\t\t<div role=\"region\" aria-labelledby=\"e-n-accordion-item-1853\" class=\"elementor-element elementor-element-549238a e-flex e-con-boxed e-con e-child\" data-id=\"549238a\" data-element_type=\"container\" data-e-type=\"container\">\n\t\t\t\t\t<div class=\"e-con-inner\">\n\t\t\t\t<div class=\"elementor-element elementor-element-c5dabf0 elementor-widget elementor-widget-text-editor\" data-id=\"c5dabf0\" data-element_type=\"widget\" data-e-type=\"widget\" data-widget_type=\"text-editor.default\">\n\t\t\t\t<div class=\"elementor-widget-container\">\n\t\t\t\t\t\t\t\t\t<p>Die Transfertagung wird von der Karlsruhe School of Education ausgerichtet und findet in den R\u00e4umlichkeiten der P\u00e4dagogischen Hochschule Karlsruhe statt. Kooperationspartner der Transfertagung ist das Zentrum f\u00fcr Schulqualit\u00e4t und Lehrerbildung (ZSL) Regionalstelle Karlsruhe.<\/p><p><strong>Adresse des Tagungsortes:<\/strong><\/p><p>P\u00e4dagogische Hochschule Karlsruhe<\/p><p><span style=\"font-size: 1rem;\">Bismarckstra\u00dfe 10<\/span><\/p><p>76133 Karlsruhe<\/p><p>Die Tagung wird in den Geb\u00e4uden 1 (Ankommen, Begr\u00fc\u00dfung, Keynote, Abschluss) und 3 (Workshops und Kurzvortr\u00e4ge) stattfinden. Einen <a href=\"https:\/\/www.kse-karlsruhe.de\/wp-content\/uploads\/2025\/07\/UEbersichtsplan_Campus_2025-scaled.jpg\">Lageplan <\/a>finden Sie hier.<\/p><p><b>Anreise<\/b><\/p><p><span style=\"text-decoration: underline;\">Mit dem Auto<\/span><\/p><p>Das Parken eines eigenen Fahrzeugs ist durch die r\u00e4umlichen Gegebenheiten stark begrenzt. Entlang der Bismarckstra\u00dfe sowie der Moltkestra\u00dfe gibt es geb\u00fchrenpflichtige Parkpl\u00e4tze. Kostenlose Parkm\u00f6glichkeiten finden sich in 5 bis 10 Minuten Fu\u00dfweg Entfernung entlang der beiden nach Norden f\u00fchrenden gro\u00dfen Stra\u00dfen Reinhold-Frank-Stra\u00dfe Ecke Moltkestra\u00dfe, Willy-Brandt-Allee Ecke Moltkestra\u00dfe und der Willy-Andreas-Allee.<\/p><p><span style=\"text-decoration: underline;\">Mit der Bahn<\/span><\/p><p>Von der Haltestelle &#8222;Europaplatz&#8220; sind Sie in wenigen Minuten beim Campus Bismarcksstra\u00dfe. Wer es beim Aussteigen etwas ruhiger m\u00f6chte, f\u00e4hrt bis zur Haltestelle &#8222;Kunstakademie \/ Hochschule&#8220; und l\u00e4uft in etwa 4 Minuten in \u00f6stlicher Richtung bis zum Campus.\u00a0<\/p><p>Es gibt alternativ auch die M\u00f6glichkeit, am Hauptbahnhof ein\u00a0<a href=\"https:\/\/www.kvv-nextbike.de\/de\/\" target=\"_blank\" rel=\"noopener noreferrer\">Fahrrad zu leihen<\/a>\u00a0oder einen der zahlreich im Stadtgebiet verteilten\u00a0E-Roller verschiedener Anbieter\u00a0zu mieten.<\/p><p>ACHTUNG: Karlsruhe ist Gro\u00dfbaustelle &#8211; Aufgrund der umfangreichen und wechselnden Bauaktivit\u00e4ten an mehreren Stellen der Stadt empfiehlt es sich, kurzfristig die aktuelle Stra\u00dfen(bahn)f\u00fchrung zu pr\u00fcfen.<\/p>\t\t\t\t\t\t\t\t<\/div>\n\t\t\t\t<\/div>\n\t\t\t\t\t<\/div>\n\t\t\t\t<\/div>\n\t\t\t\t\t<\/details>\n\t\t\t\t\t\t<details id=\"e-n-accordion-item-1854\" class=\"e-n-accordion-item\" >\n\t\t\t\t<summary class=\"e-n-accordion-item-title\" data-accordion-index=\"5\" tabindex=\"-1\" aria-expanded=\"false\" aria-controls=\"e-n-accordion-item-1854\" >\n\t\t\t\t\t<span class='e-n-accordion-item-title-header'><div class=\"e-n-accordion-item-title-text\"> Kontakt <\/div><\/span>\n\t\t\t\t\t\t\t<span class='e-n-accordion-item-title-icon'>\n\t\t\t<span class='e-opened' ><svg aria-hidden=\"true\" class=\"e-font-icon-svg e-fas-minus\" viewBox=\"0 0 448 512\" xmlns=\"http:\/\/www.w3.org\/2000\/svg\"><path d=\"M416 208H32c-17.67 0-32 14.33-32 32v32c0 17.67 14.33 32 32 32h384c17.67 0 32-14.33 32-32v-32c0-17.67-14.33-32-32-32z\"><\/path><\/svg><\/span>\n\t\t\t<span class='e-closed'><svg aria-hidden=\"true\" class=\"e-font-icon-svg e-fas-plus\" viewBox=\"0 0 448 512\" xmlns=\"http:\/\/www.w3.org\/2000\/svg\"><path d=\"M416 208H272V64c0-17.67-14.33-32-32-32h-32c-17.67 0-32 14.33-32 32v144H32c-17.67 0-32 14.33-32 32v32c0 17.67 14.33 32 32 32h144v144c0 17.67 14.33 32 32 32h32c17.67 0 32-14.33 32-32V304h144c17.67 0 32-14.33 32-32v-32c0-17.67-14.33-32-32-32z\"><\/path><\/svg><\/span>\n\t\t<\/span>\n\n\t\t\t\t\t\t<\/summary>\n\t\t\t\t<div role=\"region\" aria-labelledby=\"e-n-accordion-item-1854\" class=\"elementor-element elementor-element-ad22da1 e-flex e-con-boxed e-con e-child\" data-id=\"ad22da1\" data-element_type=\"container\" data-e-type=\"container\">\n\t\t\t\t\t<div class=\"e-con-inner\">\n\t\t\t\t<div class=\"elementor-element elementor-element-2a03854 elementor-widget elementor-widget-text-editor\" data-id=\"2a03854\" data-element_type=\"widget\" data-e-type=\"widget\" data-widget_type=\"text-editor.default\">\n\t\t\t\t<div class=\"elementor-widget-container\">\n\t\t\t\t\t\t\t\t\t<p>Bei Fragen rund um die Tagung wenden Sie sich gerne an <a href=\"mailto:nadine.anskeit@ph-karlsruhe.de\">Prof. Dr. Nadine Anskeit<\/a>\u00a0oder <a href=\"mailto:anne.fritz@kit.edu\">Anne Fritz.<\/a><\/p><p>Alternativ k\u00f6nnen Sie sich auch an <a href=\"mailto:info@kse-karlsruhe.de\">info@kse-karlsruhe.de<\/a> wenden.<\/p>\t\t\t\t\t\t\t\t<\/div>\n\t\t\t\t<\/div>\n\t\t\t\t\t<\/div>\n\t\t\t\t<\/div>\n\t\t\t\t\t<\/details>\n\t\t\t\t\t<\/div>\n\t\t\t\t\t\t<\/div>\n\t\t\t\t<\/div>\n\t\t\t\t\t<\/div>\n\t\t\t\t<\/div>\n\t\t<div class=\"elementor-element elementor-element-6769ba6 e-flex e-con-boxed e-con e-parent\" data-id=\"6769ba6\" data-element_type=\"container\" data-e-type=\"container\">\n\t\t\t\t\t<div class=\"e-con-inner\">\n\t\t\t\t<div class=\"elementor-element elementor-element-86fbf34 elementor-widget-divider--view-line elementor-widget elementor-widget-divider\" data-id=\"86fbf34\" data-element_type=\"widget\" data-e-type=\"widget\" data-widget_type=\"divider.default\">\n\t\t\t\t<div class=\"elementor-widget-container\">\n\t\t\t\t\t\t\t<div class=\"elementor-divider\">\n\t\t\t<span class=\"elementor-divider-separator\">\n\t\t\t\t\t\t<\/span>\n\t\t<\/div>\n\t\t\t\t\t\t<\/div>\n\t\t\t\t<\/div>\n\t\t\t\t\t<\/div>\n\t\t\t\t<\/div>\n\t\t<div class=\"elementor-element elementor-element-c254a84 e-flex e-con-boxed e-con e-parent\" data-id=\"c254a84\" data-element_type=\"container\" data-e-type=\"container\">\n\t\t\t\t\t<div class=\"e-con-inner\">\n\t\t\t\t<div class=\"elementor-element elementor-element-f6412f9 elementor-widget elementor-widget-text-editor\" data-id=\"f6412f9\" data-element_type=\"widget\" data-e-type=\"widget\" data-widget_type=\"text-editor.default\">\n\t\t\t\t<div class=\"elementor-widget-container\">\n\t\t\t\t\t\t\t\t\t<p>Eine Veranstaltung der Karlsruhe School of Education in Kooperation mit dem Zentrum f\u00fcr Schulqualit\u00e4t und Lehrerbildung (ZSL) Regionalstelle Karlsruhe.<\/p>\t\t\t\t\t\t\t\t<\/div>\n\t\t\t\t<\/div>\n\t\t\t\t\t<\/div>\n\t\t\t\t<\/div>\n\t\t<div class=\"elementor-element elementor-element-4423803 e-grid e-con-boxed e-con e-parent\" data-id=\"4423803\" data-element_type=\"container\" data-e-type=\"container\">\n\t\t\t\t\t<div class=\"e-con-inner\">\n\t\t\t\t<div class=\"elementor-element elementor-element-8b93f20 elementor-widget elementor-widget-image\" data-id=\"8b93f20\" data-element_type=\"widget\" data-e-type=\"widget\" data-widget_type=\"image.default\">\n\t\t\t\t<div class=\"elementor-widget-container\">\n\t\t\t\t\t\t\t\t\t\t\t\t\t\t\t<img loading=\"lazy\" decoding=\"async\" width=\"300\" height=\"171\" src=\"https:\/\/www.kse-karlsruhe.de\/wp-content\/uploads\/2024\/11\/KSE-1-300x171.png\" class=\"attachment-medium size-medium wp-image-57\" alt=\"\" srcset=\"https:\/\/www.kse-karlsruhe.de\/wp-content\/uploads\/2024\/11\/KSE-1-300x171.png 300w, https:\/\/www.kse-karlsruhe.de\/wp-content\/uploads\/2024\/11\/KSE-1-1024x582.png 1024w, https:\/\/www.kse-karlsruhe.de\/wp-content\/uploads\/2024\/11\/KSE-1-768x437.png 768w, https:\/\/www.kse-karlsruhe.de\/wp-content\/uploads\/2024\/11\/KSE-1.png 1294w\" sizes=\"(max-width: 300px) 100vw, 300px\" \/>\t\t\t\t\t\t\t\t\t\t\t\t\t\t\t<\/div>\n\t\t\t\t<\/div>\n\t\t\t\t<div class=\"elementor-element elementor-element-61d1c93 elementor-widget elementor-widget-image\" data-id=\"61d1c93\" data-element_type=\"widget\" data-e-type=\"widget\" data-widget_type=\"image.default\">\n\t\t\t\t<div class=\"elementor-widget-container\">\n\t\t\t\t\t\t\t\t\t\t\t\t\t\t\t<img loading=\"lazy\" decoding=\"async\" width=\"768\" height=\"101\" src=\"https:\/\/www.kse-karlsruhe.de\/wp-content\/uploads\/2025\/07\/Logo-ZSL-RSKA-768x101.jpg\" class=\"attachment-medium_large size-medium_large wp-image-1098\" alt=\"\" srcset=\"https:\/\/www.kse-karlsruhe.de\/wp-content\/uploads\/2025\/07\/Logo-ZSL-RSKA-768x101.jpg 768w, https:\/\/www.kse-karlsruhe.de\/wp-content\/uploads\/2025\/07\/Logo-ZSL-RSKA-300x39.jpg 300w, https:\/\/www.kse-karlsruhe.de\/wp-content\/uploads\/2025\/07\/Logo-ZSL-RSKA.jpg 1024w\" sizes=\"(max-width: 768px) 100vw, 768px\" \/>\t\t\t\t\t\t\t\t\t\t\t\t\t\t\t<\/div>\n\t\t\t\t<\/div>\n\t\t\t\t\t<\/div>\n\t\t\t\t<\/div>\n\t\t<div class=\"elementor-element elementor-element-3e45059 e-flex e-con-boxed e-con e-parent\" data-id=\"3e45059\" data-element_type=\"container\" data-e-type=\"container\">\n\t\t\t\t\t<div class=\"e-con-inner\">\n\t\t\t\t<div class=\"elementor-element elementor-element-e933a96 elementor-widget-divider--view-line elementor-widget elementor-widget-divider\" data-id=\"e933a96\" data-element_type=\"widget\" data-e-type=\"widget\" data-widget_type=\"divider.default\">\n\t\t\t\t<div class=\"elementor-widget-container\">\n\t\t\t\t\t\t\t<div class=\"elementor-divider\">\n\t\t\t<span class=\"elementor-divider-separator\">\n\t\t\t\t\t\t<\/span>\n\t\t<\/div>\n\t\t\t\t\t\t<\/div>\n\t\t\t\t<\/div>\n\t\t\t\t\t<\/div>\n\t\t\t\t<\/div>\n\t\t\t\t<\/div>\n\t\t","protected":false},"excerpt":{"rendered":"<p>\u201eDigitalisierung in Schule &amp; Lehrkr\u00e4ftebildung \u2013 Erkenntnisse, Perspektiven, Praxis\u201c Hier finden Sie alle Informationen rund um die Tagung auf einen Blick &#8211; ganz ohne Papier!\u00a0 F\u00fcr weitere Unterst\u00fctzung stehen Ihnen vor Ort jederzeit Mitarbeitende der KSE zur Verf\u00fcgung. Wir w\u00fcnschen Ihnen einen spannenden, erkenntnisreichen und interessanten Tag! Sie sind Lehrkraft und haben Interesse an einem [&hellip;]<\/p>\n","protected":false},"author":3,"featured_media":0,"parent":104,"menu_order":8,"comment_status":"closed","ping_status":"closed","template":"","meta":{"footnotes":""},"class_list":["post-1036","page","type-page","status-publish","hentry"],"_links":{"self":[{"href":"https:\/\/www.kse-karlsruhe.de\/index.php\/wp-json\/wp\/v2\/pages\/1036","targetHints":{"allow":["GET"]}}],"collection":[{"href":"https:\/\/www.kse-karlsruhe.de\/index.php\/wp-json\/wp\/v2\/pages"}],"about":[{"href":"https:\/\/www.kse-karlsruhe.de\/index.php\/wp-json\/wp\/v2\/types\/page"}],"author":[{"embeddable":true,"href":"https:\/\/www.kse-karlsruhe.de\/index.php\/wp-json\/wp\/v2\/users\/3"}],"replies":[{"embeddable":true,"href":"https:\/\/www.kse-karlsruhe.de\/index.php\/wp-json\/wp\/v2\/comments?post=1036"}],"version-history":[{"count":44,"href":"https:\/\/www.kse-karlsruhe.de\/index.php\/wp-json\/wp\/v2\/pages\/1036\/revisions"}],"predecessor-version":[{"id":1348,"href":"https:\/\/www.kse-karlsruhe.de\/index.php\/wp-json\/wp\/v2\/pages\/1036\/revisions\/1348"}],"up":[{"embeddable":true,"href":"https:\/\/www.kse-karlsruhe.de\/index.php\/wp-json\/wp\/v2\/pages\/104"}],"wp:attachment":[{"href":"https:\/\/www.kse-karlsruhe.de\/index.php\/wp-json\/wp\/v2\/media?parent=1036"}],"curies":[{"name":"wp","href":"https:\/\/api.w.org\/{rel}","templated":true}]}}