{"id":2083,"date":"2026-07-21T13:07:20","date_gmt":"2026-07-21T11:07:20","guid":{"rendered":"https:\/\/www.kse-karlsruhe.de\/?page_id=2083"},"modified":"2026-09-02T15:38:48","modified_gmt":"2026-09-02T13:38:48","slug":"zukunft","status":"publish","type":"page","link":"https:\/\/www.kse-karlsruhe.de\/index.php\/zukunft\/","title":{"rendered":"Zertifikat Zukunftskompetenz"},"content":{"rendered":"\t\t<div data-elementor-type=\"wp-page\" data-elementor-id=\"2083\" class=\"elementor elementor-2083\" data-elementor-post-type=\"page\">\n\t\t\t\t<div class=\"elementor-element elementor-element-f9bc6b1 e-flex e-con-boxed e-con e-parent\" data-id=\"f9bc6b1\" data-element_type=\"container\" data-e-type=\"container\" data-settings=\"{&quot;background_background&quot;:&quot;classic&quot;}\">\n\t\t\t\t\t<div class=\"e-con-inner\">\n\t\t\t\t<div class=\"elementor-element elementor-element-4af98a1 elementor-widget elementor-widget-heading\" data-id=\"4af98a1\" data-element_type=\"widget\" data-e-type=\"widget\" data-widget_type=\"heading.default\">\n\t\t\t\t<div class=\"elementor-widget-container\">\n\t\t\t\t\t<h2 class=\"elementor-heading-title elementor-size-default\">Zertifikat: Zukunftskompetenzen<\/h2>\t\t\t\t<\/div>\n\t\t\t\t<\/div>\n\t\t\t\t\t<\/div>\n\t\t\t\t<\/div>\n\t\t<div class=\"elementor-element elementor-element-b345706 e-flex e-con-boxed e-con e-child\" data-id=\"b345706\" data-element_type=\"container\" data-e-type=\"container\">\n\t\t\t\t\t<div class=\"e-con-inner\">\n\t\t<div class=\"elementor-element elementor-element-c5086ae e-con-full e-flex e-con e-child\" data-id=\"c5086ae\" data-element_type=\"container\" data-e-type=\"container\">\n\t\t\t\t<div class=\"elementor-element elementor-element-8a58de8 elementor-widget__width-initial elementor-widget elementor-widget-text-editor\" data-id=\"8a58de8\" data-element_type=\"widget\" data-e-type=\"widget\" data-widget_type=\"text-editor.default\">\n\t\t\t\t<div class=\"elementor-widget-container\">\n\t\t\t\t\t\t\t\t\t<h5 class=\"cvGsUA block-font-kerning-normal block-font-feature-liga-off block-font-feature-clig-off block-font-feature-calt-off direction-ltr align-start para-style-body\"><span class=\"a_GcMg font-feature-liga-off font-feature-clig-off font-feature-calt-off text-decoration-none text-strikethrough-none\">Lehrkr\u00e4ftebildung mit Zukunft &#8211;<br \/><\/span><span class=\"a_GcMg font-feature-liga-off font-feature-clig-off font-feature-calt-off text-decoration-none text-strikethrough-none\">demokratisch. digital. nachhaltig und gesundheitsorientiert.<\/span><\/h5>\t\t\t\t\t\t\t\t<\/div>\n\t\t\t\t<\/div>\n\t\t\t\t<div class=\"elementor-element elementor-element-5786959 elementor-align-right elementor-widget elementor-widget-button\" data-id=\"5786959\" data-element_type=\"widget\" data-e-type=\"widget\" data-widget_type=\"button.default\">\n\t\t\t\t<div class=\"elementor-widget-container\">\n\t\t\t\t\t\t\t\t\t<div class=\"elementor-button-wrapper\">\n\t\t\t\t\t<a class=\"elementor-button elementor-button-link elementor-size-sm\" href=\"https:\/\/innovationspace.ph-karlsruhe.de\/course\/view.php?id=750\" target=\"_blank\">\n\t\t\t\t\t\t<span class=\"elementor-button-content-wrapper\">\n\t\t\t\t\t\t\t\t\t<span class=\"elementor-button-text\">Jetzt zum Zertifikat anmelden <\/span>\n\t\t\t\t\t<\/span>\n\t\t\t\t\t<\/a>\n\t\t\t\t<\/div>\n\t\t\t\t\t\t\t\t<\/div>\n\t\t\t\t<\/div>\n\t\t\t\t<\/div>\n\t\t\t\t<div class=\"elementor-element elementor-element-9a906f1 elementor-widget elementor-widget-text-editor\" data-id=\"9a906f1\" data-element_type=\"widget\" data-e-type=\"widget\" data-widget_type=\"text-editor.default\">\n\t\t\t\t<div class=\"elementor-widget-container\">\n\t\t\t\t\t\t\t\t\t<p><em><span style=\"text-decoration: underline;\">Wichtige Hinweise:<\/span> <br \/>Bei dem Zertifikat handelt es sich um eine Zusatzleistung zum curricularen Studium.<br \/><strong>Separate Anmeldungen zu den Lehrveranstaltungen\/Microcredentails<\/strong> sind neben der erfolgreichen Anmeldung zum Zertifikat ebenfalls <strong>erforderlich.\u00a0<\/strong><\/em><\/p>\t\t\t\t\t\t\t\t<\/div>\n\t\t\t\t<\/div>\n\t\t\t\t<div class=\"elementor-element elementor-element-03dfb47 e-n-tabs-mobile elementor-widget elementor-widget-n-tabs\" data-id=\"03dfb47\" data-element_type=\"widget\" data-e-type=\"widget\" data-settings=\"{&quot;horizontal_scroll_mobile&quot;:&quot;disable&quot;}\" data-widget_type=\"nested-tabs.default\">\n\t\t\t\t<div class=\"elementor-widget-container\">\n\t\t\t\t\t\t\t<div class=\"e-n-tabs\" data-widget-number=\"4062023\" aria-label=\"Tabs. Open items with Enter or Space, close with Escape and navigate using the Arrow keys.\">\n\t\t\t<div class=\"e-n-tabs-heading\" role=\"tablist\">\n\t\t\t\t\t<button id=\"e-n-tab-title-40620231\" data-tab-title-id=\"e-n-tab-title-40620231\" class=\"e-n-tab-title\" aria-selected=\"true\" data-tab-index=\"1\" role=\"tab\" tabindex=\"0\" aria-controls=\"e-n-tab-content-40620231\" style=\"--n-tabs-title-order: 1;\">\n\t\t\t\t\t\t<span class=\"e-n-tab-title-text\">\n\t\t\t\t\u00dcbersicht\t\t\t<\/span>\n\t\t<\/button>\n\t\t\t\t<button id=\"e-n-tab-title-40620232\" data-tab-title-id=\"e-n-tab-title-40620232\" class=\"e-n-tab-title\" aria-selected=\"false\" data-tab-index=\"2\" role=\"tab\" tabindex=\"-1\" aria-controls=\"e-n-tab-content-40620232\" style=\"--n-tabs-title-order: 2;\">\n\t\t\t\t\t\t<span class=\"e-n-tab-title-text\">\n\t\t\t\t Das Zertifikatsmodell\t\t\t<\/span>\n\t\t<\/button>\n\t\t\t\t<button id=\"e-n-tab-title-40620233\" data-tab-title-id=\"e-n-tab-title-40620233\" class=\"e-n-tab-title\" aria-selected=\"false\" data-tab-index=\"3\" role=\"tab\" tabindex=\"-1\" aria-controls=\"e-n-tab-content-40620233\" style=\"--n-tabs-title-order: 3;\">\n\t\t\t\t\t\t<span class=\"e-n-tab-title-text\">\n\t\t\t\tDie Zertifikatstypen\t\t\t<\/span>\n\t\t<\/button>\n\t\t\t\t<button id=\"e-n-tab-title-40620234\" data-tab-title-id=\"e-n-tab-title-40620234\" class=\"e-n-tab-title\" aria-selected=\"false\" data-tab-index=\"4\" role=\"tab\" tabindex=\"-1\" aria-controls=\"e-n-tab-content-40620234\" style=\"--n-tabs-title-order: 4;\">\n\t\t\t\t\t\t<span class=\"e-n-tab-title-text\">\n\t\t\t\tProfil, Ziele und Realisierung\t\t\t<\/span>\n\t\t<\/button>\n\t\t\t\t<button id=\"e-n-tab-title-40620235\" data-tab-title-id=\"e-n-tab-title-40620235\" class=\"e-n-tab-title\" aria-selected=\"false\" data-tab-index=\"5\" role=\"tab\" tabindex=\"-1\" aria-controls=\"e-n-tab-content-40620235\" style=\"--n-tabs-title-order: 5;\">\n\t\t\t\t\t\t<span class=\"e-n-tab-title-text\">\n\t\t\t\tMicrocredentials\/ Veranstaltungen\t\t\t<\/span>\n\t\t<\/button>\n\t\t\t\t<button id=\"e-n-tab-title-40620236\" data-tab-title-id=\"e-n-tab-title-40620236\" class=\"e-n-tab-title\" aria-selected=\"false\" data-tab-index=\"6\" role=\"tab\" tabindex=\"-1\" aria-controls=\"e-n-tab-content-40620236\" style=\"--n-tabs-title-order: 6;\">\n\t\t\t\t\t\t<span class=\"e-n-tab-title-text\">\n\t\t\t\tKontakt\t\t\t<\/span>\n\t\t<\/button>\n\t\t\t\t\t<\/div>\n\t\t\t<div class=\"e-n-tabs-content\">\n\t\t\t\t<div id=\"e-n-tab-content-40620231\" role=\"tabpanel\" aria-labelledby=\"e-n-tab-title-40620231\" data-tab-index=\"1\" style=\"--n-tabs-title-order: 1;\" class=\"e-active elementor-element elementor-element-bbb8e74 e-flex e-con-boxed e-con e-child\" data-id=\"bbb8e74\" data-element_type=\"container\" data-e-type=\"container\">\n\t\t\t\t\t<div class=\"e-con-inner\">\n\t\t\t\t\t<h4 data-interaction-id=\"1671ef1\" class=\"e-heading-base\" data-e-type=\"widget\" data-id=\"1671ef1\">Verantwortung\/wissenschaftliche Leitung: Dr. Nils Drixler und Enes Smajic<\/h4>\n\t\t\t\t<div class=\"elementor-element elementor-element-00a8bc9 elementor-widget elementor-widget-image\" data-id=\"00a8bc9\" data-element_type=\"widget\" data-e-type=\"widget\" data-widget_type=\"image.default\">\n\t\t\t\t<div class=\"elementor-widget-container\">\n\t\t\t\t\t\t\t\t\t\t\t\t\t\t\t\t<a href=\"https:\/\/www.kse-karlsruhe.de\/wp-content\/uploads\/2026\/07\/Zertifikat-Zukunftkompetenzen-Uebersicht.png\" data-elementor-open-lightbox=\"yes\" data-elementor-lightbox-title=\"Zertifikat Zukunftkompetenzen \u00dcbersicht\" data-e-action-hash=\"#elementor-action%3Aaction%3Dlightbox%26settings%3DeyJpZCI6MjA4NiwidXJsIjoiaHR0cHM6XC9cL3d3dy5rc2Uta2FybHNydWhlLmRlXC93cC1jb250ZW50XC91cGxvYWRzXC8yMDI2XC8wN1wvWmVydGlmaWthdC1adWt1bmZ0a29tcGV0ZW56ZW4tVWViZXJzaWNodC5wbmcifQ%3D%3D\">\n\t\t\t\t\t\t\t<img fetchpriority=\"high\" decoding=\"async\" width=\"2276\" height=\"1247\" src=\"https:\/\/www.kse-karlsruhe.de\/wp-content\/uploads\/2026\/07\/Zertifikat-Zukunftkompetenzen-Uebersicht.png\" class=\"attachment-full size-full wp-image-2086\" alt=\"\" srcset=\"https:\/\/www.kse-karlsruhe.de\/wp-content\/uploads\/2026\/07\/Zertifikat-Zukunftkompetenzen-Uebersicht.png 2276w, https:\/\/www.kse-karlsruhe.de\/wp-content\/uploads\/2026\/07\/Zertifikat-Zukunftkompetenzen-Uebersicht-300x164.png 300w, https:\/\/www.kse-karlsruhe.de\/wp-content\/uploads\/2026\/07\/Zertifikat-Zukunftkompetenzen-Uebersicht-1024x561.png 1024w, https:\/\/www.kse-karlsruhe.de\/wp-content\/uploads\/2026\/07\/Zertifikat-Zukunftkompetenzen-Uebersicht-768x421.png 768w, https:\/\/www.kse-karlsruhe.de\/wp-content\/uploads\/2026\/07\/Zertifikat-Zukunftkompetenzen-Uebersicht-1536x842.png 1536w, https:\/\/www.kse-karlsruhe.de\/wp-content\/uploads\/2026\/07\/Zertifikat-Zukunftkompetenzen-Uebersicht-2048x1122.png 2048w\" sizes=\"(max-width: 2276px) 100vw, 2276px\" \/>\t\t\t\t\t\t\t\t<\/a>\n\t\t\t\t\t\t\t\t\t\t\t\t\t\t\t<\/div>\n\t\t\t\t<\/div>\n\t\t\t\t\t<\/div>\n\t\t\t\t<\/div>\n\t\t<div id=\"e-n-tab-content-40620232\" role=\"tabpanel\" aria-labelledby=\"e-n-tab-title-40620232\" data-tab-index=\"2\" style=\"--n-tabs-title-order: 2;\" class=\" elementor-element elementor-element-214c6e8 e-con-full e-flex e-con e-child\" data-id=\"214c6e8\" data-element_type=\"container\" data-e-type=\"container\" data-settings=\"{&quot;background_background&quot;:&quot;classic&quot;}\">\n\t\t\t\t<div class=\"elementor-element elementor-element-633850a elementor-widget elementor-widget-text-editor\" data-id=\"633850a\" data-element_type=\"widget\" data-e-type=\"widget\" data-widget_type=\"text-editor.default\">\n\t\t\t\t<div class=\"elementor-widget-container\">\n\t\t\t\t\t\t\t\t\t<p>Das Zertifikat \u201eZukunftskompetenzen \u2013 Profilbildung im Lehramtsstudium\u201c richtet sich an Lehramtsstudierende der P\u00e4dagogischen Hochschule Karlsruhe (PHKA) und des Karlsruher Instituts f\u00fcr Technologie (KIT). Es b\u00fcndelt Lehrangebote zu zentralen Zukunftsthemen der Lehrkr\u00e4ftebildung und erm\u00f6glicht den Studierenden den Erwerb zus\u00e4tzlicher Kompetenzen.<\/p><p>Die Basiselemente bilden Lehrveranstaltungen und Microcredentials, die den vier strategischen Schwerpunktbereichen der Karlsruhe School of Education zugeordnet werden:<\/p><p>A. Digitalisierung<br \/>B. Nachhaltige Entwicklung<br \/>C. Gesundheitsbildung<br \/>D. Demokratische Bildung<\/p><p>Die vier Themenbereiche bzw. Bausteine bilden den verbindlichen inhaltlichen Rahmen des Zertifikatsprogramms.<\/p><p>Das Zertifikat folgt einem dreistufigen Kompetenzmodell aus Grundlagen-, Erweiterungs- und Transferzertifikat. Die Studierenden dokumentieren ihren individuellen Kompetenzaufbau in einem digitalen E-Portfolio auf dem InnovationSpace.<\/p><p>Das E-Portfolio dient der Sammlung, Dokumentation und Reflexion von Lernergebnissen sowie der Sichtbarmachung individueller Kompetenzentwicklung \u00fcber die verschiedenen Zertifikatsstufen hinweg.<\/p>\t\t\t\t\t\t\t\t<\/div>\n\t\t\t\t<\/div>\n\t\t\t\t<\/div>\n\t\t<div id=\"e-n-tab-content-40620233\" role=\"tabpanel\" aria-labelledby=\"e-n-tab-title-40620233\" data-tab-index=\"3\" style=\"--n-tabs-title-order: 3;\" class=\" elementor-element elementor-element-01713ec e-con-full e-flex e-con e-child\" data-id=\"01713ec\" data-element_type=\"container\" data-e-type=\"container\" data-settings=\"{&quot;background_background&quot;:&quot;classic&quot;}\">\n\t\t\t\t<div class=\"elementor-element elementor-element-5732f9f elementor-widget elementor-widget-text-editor\" data-id=\"5732f9f\" data-element_type=\"widget\" data-e-type=\"widget\" data-widget_type=\"text-editor.default\">\n\t\t\t\t<div class=\"elementor-widget-container\">\n\t\t\t\t\t\t\t\t\t<p><strong>Grundlagenzertifikat (10 CP)<\/strong><\/p>\t\t\t\t\t\t\t\t<\/div>\n\t\t\t\t<\/div>\n\t\t\t\t<div class=\"elementor-element elementor-element-ce0c756 elementor-widget elementor-widget-text-editor\" data-id=\"ce0c756\" data-element_type=\"widget\" data-e-type=\"widget\" data-widget_type=\"text-editor.default\">\n\t\t\t\t<div class=\"elementor-widget-container\">\n\t\t\t\t\t\t\t\t\t<p><u>Anforderungen:<\/u><\/p><ul><li>mindestens 10 CP<\/li><li>Leistungen aus mindestens zwei der vier Bausteine (A-D)<\/li><\/ul><p><u>Ziel<\/u>:<br \/>Aufbau grundlegender Zukunftskompetenzen f\u00fcr Schule und Unterricht sowie erste individuelle Schwerpunktsetzungen innerhalb der vier strategischen Themenbereiche der Karlsruhe School of Education.<\/p><p>\u00a0<\/p>\t\t\t\t\t\t\t\t<\/div>\n\t\t\t\t<\/div>\n\t\t\t\t\t\n<hr class=\"e-cc07b58-ed208fb e-divider-base\" data-interaction-id=\"cc07b58\"  data-e-type=\"widget\" data-id=\"cc07b58\" \/>\n\t\t\t\t<div class=\"elementor-element elementor-element-9f7483c elementor-widget elementor-widget-text-editor\" data-id=\"9f7483c\" data-element_type=\"widget\" data-e-type=\"widget\" data-widget_type=\"text-editor.default\">\n\t\t\t\t<div class=\"elementor-widget-container\">\n\t\t\t\t\t\t\t\t\t<p><strong>Erweiterungszertifikat (15 CP)<\/strong><\/p>\t\t\t\t\t\t\t\t<\/div>\n\t\t\t\t<\/div>\n\t\t\t\t<div class=\"elementor-element elementor-element-d00d7ff elementor-widget elementor-widget-text-editor\" data-id=\"d00d7ff\" data-element_type=\"widget\" data-e-type=\"widget\" data-widget_type=\"text-editor.default\">\n\t\t\t\t<div class=\"elementor-widget-container\">\n\t\t\t\t\t\t\t\t\t<p><u>Anforderungen:<\/u><\/p><ul><li>Grundlagenzertifikat (10 CP)<\/li><li>weitere 5 CP in einem beliebigen Baustein<\/li><\/ul><p><u>Ziel:<br \/><\/u>Vertiefung und individuelle Profilbildung in ausgew\u00e4hlten Zukunftsthemen der Lehrkr\u00e4ftebildung.<\/p><p>\u00a0<\/p>\t\t\t\t\t\t\t\t<\/div>\n\t\t\t\t<\/div>\n\t\t\t\t\t\n<hr class=\"e-68f14b6-7bf56b8 e-divider-base\" data-interaction-id=\"68f14b6\"  data-e-type=\"widget\" data-id=\"68f14b6\" \/>\n\t\t\t\t<div class=\"elementor-element elementor-element-72e6766 elementor-widget elementor-widget-text-editor\" data-id=\"72e6766\" data-element_type=\"widget\" data-e-type=\"widget\" data-widget_type=\"text-editor.default\">\n\t\t\t\t<div class=\"elementor-widget-container\">\n\t\t\t\t\t\t\t\t\t<p><strong>Transferzertifikat (20 CP)<\/strong><\/p>\t\t\t\t\t\t\t\t<\/div>\n\t\t\t\t<\/div>\n\t\t\t\t<div class=\"elementor-element elementor-element-a912ba7 elementor-widget elementor-widget-text-editor\" data-id=\"a912ba7\" data-element_type=\"widget\" data-e-type=\"widget\" data-widget_type=\"text-editor.default\">\n\t\t\t\t<div class=\"elementor-widget-container\">\n\t\t\t\t\t\t\t\t\t<p><u>Anforderungen:<\/u><\/p><ul><li>Erweiterungszertifikat (15 CP)<\/li><li>weitere 5 CP mit dokumentiertem Transferanteil<br \/><br \/><\/li><\/ul><p><u>M\u00f6gliche Transferformate<\/u> sind beispielsweise:<\/p><ul><li>schulpraktische Anwendungen,<\/li><li>Lehr-Lern-Labore,<\/li><li>Forschungsarbeiten,<\/li><li>internationale Austauschformate,<\/li><li>Projekt- und Kooperationsformate.<\/li><\/ul><p><u>Ziel:<br \/><\/u>Anwendung und Transfer von Zukunftskompetenzen in schulische, wissenschaftliche oder gesellschaftliche Praxisfelder.<\/p>\t\t\t\t\t\t\t\t<\/div>\n\t\t\t\t<\/div>\n\t\t\t\t<\/div>\n\t\t<div id=\"e-n-tab-content-40620234\" role=\"tabpanel\" aria-labelledby=\"e-n-tab-title-40620234\" data-tab-index=\"4\" style=\"--n-tabs-title-order: 4;\" class=\" elementor-element elementor-element-57c0d2a e-con-full e-flex e-con e-child\" data-id=\"57c0d2a\" data-element_type=\"container\" data-e-type=\"container\" data-settings=\"{&quot;background_background&quot;:&quot;classic&quot;}\">\n\t\t\t\t\t<h5 data-interaction-id=\"2ad8fe4\" class=\"e-2ad8fe4-580bcf2 e-heading-base\" data-e-type=\"widget\" data-id=\"2ad8fe4\"><strong>Profil des Zertifikatsprogramms<\/strong><\/h5>\n\t\t\t\t<div class=\"elementor-element elementor-element-cce945d elementor-widget elementor-widget-text-editor\" data-id=\"cce945d\" data-element_type=\"widget\" data-e-type=\"widget\" data-widget_type=\"text-editor.default\">\n\t\t\t\t<div class=\"elementor-widget-container\">\n\t\t\t\t\t\t\t\t\t<p>Das Zertifikatsprogramm qualifiziert Lehramtsstudierende f\u00fcr die Gestaltung von Unterricht und Schule im Kontext aktueller gesellschaftlicher Herausforderungen. Im Mittelpunkt stehen Zukunftsthemen, die in bestehenden Curricula h\u00e4ufig nur punktuell verankert sind, zugleich jedoch zunehmend an Bedeutung f\u00fcr schulische Bildungsprozesse gewinnen.<\/p>\t\t\t\t\t\t\t\t<\/div>\n\t\t\t\t<\/div>\n\t\t\t\t\t\n<hr class=\"e-divider-base\" data-interaction-id=\"438b811\"  data-e-type=\"widget\" data-id=\"438b811\" \/>\n\t\t\t\t\t<h5 data-interaction-id=\"d7a10b6\" class=\"e-d7a10b6-b10789b e-heading-base\" data-e-type=\"widget\" data-id=\"d7a10b6\"><strong id=\"e-mrt63qim-pow06r2\">Kompetenzerwerb<\/strong><\/h5>\n\t\t\t\t<div class=\"elementor-element elementor-element-6d15371 elementor-widget elementor-widget-text-editor\" data-id=\"6d15371\" data-element_type=\"widget\" data-e-type=\"widget\" data-widget_type=\"text-editor.default\">\n\t\t\t\t<div class=\"elementor-widget-container\">\n\t\t\t\t\t\t\t\t\t<p>Die Studierenden erwerben Kompetenzen,<\/p><ul><li>zentrale Zukunftsthemen reflektiert in Unterricht und Schule einzubinden,<\/li><li>innovative Lehr- und Lernformate zu gestalten,<\/li><li>fach\u00fcbergreifende Perspektiven miteinander zu verbinden,<\/li><li>Praxis- und Transferprojekte eigenst\u00e4ndig umzusetzen,<\/li><li>ihre professionelle Entwicklung systematisch zu reflektieren.<\/li><\/ul><p>\u00a0<\/p>\t\t\t\t\t\t\t\t<\/div>\n\t\t\t\t<\/div>\n\t\t\t\t\t\n<hr class=\"e-divider-base\" data-interaction-id=\"45fc161\"  data-e-type=\"widget\" data-id=\"45fc161\" \/>\n\t\t\t\t\t<h5 data-interaction-id=\"26cdb32\" class=\"e-26cdb32-fd7d524 e-heading-base\" data-e-type=\"widget\" data-id=\"26cdb32\"><strong>Lehr- und Lernformen<\/strong><\/h5>\n\t\t\t\t<div class=\"elementor-element elementor-element-531e0cf elementor-widget elementor-widget-text-editor\" data-id=\"531e0cf\" data-element_type=\"widget\" data-e-type=\"widget\" data-widget_type=\"text-editor.default\">\n\t\t\t\t<div class=\"elementor-widget-container\">\n\t\t\t\t\t\t\t\t\t<p>Das Zertifikat integriert unterschiedliche Lehr- und Lernformate, darunter:<\/p><ul><li>Seminare und Workshops,<\/li><li>Microcredentials,<\/li><li>Lehr-Lern-Labore,<\/li><li>internationale Austauschformate,<\/li><li>Projekt- und Transferformate,<\/li><li>schulische und au\u00dferschulische Kooperationen.<\/li><\/ul>\t\t\t\t\t\t\t\t<\/div>\n\t\t\t\t<\/div>\n\t\t\t\t\t\n<hr class=\"e-divider-base\" data-interaction-id=\"80c0ee8\"  data-e-type=\"widget\" data-id=\"80c0ee8\" \/>\n\t\t\t\t\t<h5 data-interaction-id=\"b8a9320\" class=\"e-b8a9320-d527a73 e-heading-base\" data-e-type=\"widget\" data-id=\"b8a9320\"><strong id=\"e-mrt64pz2-86kaxc2\">Qualit\u00e4t und Studierbarkeit<\/strong><\/h5>\n\t\t\t\t<div class=\"elementor-element elementor-element-8572839 elementor-widget elementor-widget-text-editor\" data-id=\"8572839\" data-element_type=\"widget\" data-e-type=\"widget\" data-widget_type=\"text-editor.default\">\n\t\t\t\t<div class=\"elementor-widget-container\">\n\t\t\t\t\t\t\t\t\t<p>Die modulare Struktur erm\u00f6glicht eine flexible Integration in das regul\u00e4re Lehramtsstudium. Bereits bestehende Lehrangebote der PH Karlsruhe, des KIT sowie der Karlsruhe School of Education k\u00f6nnen in das Zertifikat eingebunden werden.<\/p>\t\t\t\t\t\t\t\t<\/div>\n\t\t\t\t<\/div>\n\t\t\t\t<\/div>\n\t\t<div id=\"e-n-tab-content-40620235\" role=\"tabpanel\" aria-labelledby=\"e-n-tab-title-40620235\" data-tab-index=\"5\" style=\"--n-tabs-title-order: 5;\" class=\" elementor-element elementor-element-05ab385 e-flex e-con-boxed e-con e-child\" data-id=\"05ab385\" data-element_type=\"container\" data-e-type=\"container\">\n\t\t\t\t\t<div class=\"e-con-inner\">\n\t\t\t\t<div class=\"elementor-element elementor-element-e92b07b e-n-tabs-mobile elementor-widget elementor-widget-n-tabs\" data-id=\"e92b07b\" data-element_type=\"widget\" data-e-type=\"widget\" data-settings=\"{&quot;tabs_justify_horizontal&quot;:&quot;start&quot;,&quot;horizontal_scroll&quot;:&quot;disable&quot;}\" data-widget_type=\"nested-tabs.default\">\n\t\t\t\t<div class=\"elementor-widget-container\">\n\t\t\t\t\t\t\t<div class=\"e-n-tabs\" data-widget-number=\"244494459\" aria-label=\"Tabs. Open items with Enter or Space, close with Escape and navigate using the Arrow keys.\">\n\t\t\t<div class=\"e-n-tabs-heading\" role=\"tablist\">\n\t\t\t\t\t<button id=\"e-n-tab-title-2444944591\" data-tab-title-id=\"e-n-tab-title-2444944591\" class=\"e-n-tab-title\" aria-selected=\"true\" data-tab-index=\"1\" role=\"tab\" tabindex=\"0\" aria-controls=\"e-n-tab-content-2444944591\" style=\"--n-tabs-title-order: 1;\">\n\t\t\t\t\t\t<span class=\"e-n-tab-title-text\">\n\t\t\t\tMicrocredentials (WiSe 26\/27)\t\t\t<\/span>\n\t\t<\/button>\n\t\t\t\t<button id=\"e-n-tab-title-2444944592\" data-tab-title-id=\"e-n-tab-title-2444944592\" class=\"e-n-tab-title\" aria-selected=\"false\" data-tab-index=\"2\" role=\"tab\" tabindex=\"-1\" aria-controls=\"e-n-tab-content-2444944592\" style=\"--n-tabs-title-order: 2;\">\n\t\t\t\t\t\t<span class=\"e-n-tab-title-text\">\n\t\t\t\tVeranstaltungen (WiSe 26\/27)\t\t\t<\/span>\n\t\t<\/button>\n\t\t\t\t<button id=\"e-n-tab-title-2444944593\" data-tab-title-id=\"e-n-tab-title-2444944593\" class=\"e-n-tab-title\" aria-selected=\"false\" data-tab-index=\"3\" role=\"tab\" tabindex=\"-1\" aria-controls=\"e-n-tab-content-2444944593\" style=\"--n-tabs-title-order: 3;\">\n\t\t\t\t\t\t<span class=\"e-n-tab-title-text\">\n\t\t\t\tWeitere\t\t\t<\/span>\n\t\t<\/button>\n\t\t\t\t\t<\/div>\n\t\t\t<div class=\"e-n-tabs-content\">\n\t\t\t\t<div id=\"e-n-tab-content-2444944591\" role=\"tabpanel\" aria-labelledby=\"e-n-tab-title-2444944591\" data-tab-index=\"1\" style=\"--n-tabs-title-order: 1;\" class=\"e-active elementor-element elementor-element-c191914 e-con-full e-flex e-con e-child\" data-id=\"c191914\" data-element_type=\"container\" data-e-type=\"container\">\n\t\t\t\t<div class=\"elementor-element elementor-element-9fecc74 elementor-widget elementor-widget-text-editor\" data-id=\"9fecc74\" data-element_type=\"widget\" data-e-type=\"widget\" data-widget_type=\"text-editor.default\">\n\t\t\t\t<div class=\"elementor-widget-container\">\n\t\t\t\t\t\t\t\t\t<p><em>Mehr Informationen und eine <strong>\u00dcbersicht zu allen Microcredentials<\/strong> sowie zu den einzelnen <strong>Anmeldeoptionen<\/strong> gibt es <a href=\"https:\/\/www.kse-karlsruhe.de\/index.php\/microcredentials\/\">hier<\/a>.<\/em><\/p>\t\t\t\t\t\t\t\t<\/div>\n\t\t\t\t<\/div>\n\t\t\t\t<div class=\"elementor-element elementor-element-37adc96 elementor-widget elementor-widget-text-editor\" data-id=\"37adc96\" data-element_type=\"widget\" data-e-type=\"widget\" data-widget_type=\"text-editor.default\">\n\t\t\t\t<div class=\"elementor-widget-container\">\n\t\t\t\t\t\t\t\t\t<p><strong><span lang=\"EN-US\">Prompt, Plot, Power (Perspektive\/Praxis)<\/span><\/strong><\/p>\t\t\t\t\t\t\t\t<\/div>\n\t\t\t\t<\/div>\n\t\t\t\t<div class=\"elementor-element elementor-element-8b48b70 elementor-widget elementor-widget-text-editor\" data-id=\"8b48b70\" data-element_type=\"widget\" data-e-type=\"widget\" data-widget_type=\"text-editor.default\">\n\t\t\t\t<div class=\"elementor-widget-container\">\n\t\t\t\t\t\t\t\t\t<p><strong>Zertifikatsbaustein Zuordnung:<\/strong>\u00a0A. Digitalisierung<br \/><strong>Semester:<\/strong> Wintersemester<br \/><strong>Leistungspunkte:<\/strong> 6<strong><br \/><\/strong><strong>Verantwortung\/wissenschaftliche Leitung: <\/strong>Marc Rieger<\/p><p>Das Microcredential vermittelt Kompetenzen im Umgang mit generativer K\u00fcnstlicher Intelligenz und deren Einsatz in schulischen Lehr-Lern-Kontexten. Im Mittelpunkt stehen KI-gest\u00fctztes Storytelling, kritische Reflexion digitaler Technologien sowie die Entwicklung innovativer Unterrichtskonzepte.<\/p><p>Das Format ist zweistufig aufgebaut:<\/p><ul><li><strong>Teil I: Prompt, Plot, Perspektive<\/strong> (4 CP) vermittelt grundlegende Kompetenzen im Bereich AI Literacy und kann im Grundlagenzertifikat angerechnet werden.<\/li><li><strong>Teil II: Prompt, Plot, Praxis<\/strong> (2 CP) fokussiert die Anwendung und Erprobung der entwickelten Konzepte im schulischen Kontext und kann im Erweiterungszertifikat angerechnet werden.<\/li><\/ul><p>Das Microcredential bildet die Kompetenzlogik des Zertifikats ab, bei der Grundlagenwissen durch praktische Anwendung und Reflexion vertieft wird.<\/p>\t\t\t\t\t\t\t\t<\/div>\n\t\t\t\t<\/div>\n\t\t\t\t<div class=\"elementor-element elementor-element-599d241 elementor-align-right elementor-widget elementor-widget-button\" data-id=\"599d241\" data-element_type=\"widget\" data-e-type=\"widget\" data-widget_type=\"button.default\">\n\t\t\t\t<div class=\"elementor-widget-container\">\n\t\t\t\t\t\t\t\t\t<div class=\"elementor-button-wrapper\">\n\t\t\t\t\t<a class=\"elementor-button elementor-button-link elementor-size-sm\" href=\"https:\/\/www.kse-karlsruhe.de\/index.php\/microcredentials\/\" target=\"_blank\">\n\t\t\t\t\t\t<span class=\"elementor-button-content-wrapper\">\n\t\t\t\t\t\t\t\t\t<span class=\"elementor-button-text\">Zu den Microcredentials<\/span>\n\t\t\t\t\t<\/span>\n\t\t\t\t\t<\/a>\n\t\t\t\t<\/div>\n\t\t\t\t\t\t\t\t<\/div>\n\t\t\t\t<\/div>\n\t\t\t\t\t\n<hr class=\"e-d1fa0bb-2e535bb e-divider-base\" data-interaction-id=\"d1fa0bb\"  data-e-type=\"widget\" data-id=\"d1fa0bb\" \/>\n\t\t\t\t<div class=\"elementor-element elementor-element-1f196ff elementor-widget elementor-widget-text-editor\" data-id=\"1f196ff\" data-element_type=\"widget\" data-e-type=\"widget\" data-widget_type=\"text-editor.default\">\n\t\t\t\t<div class=\"elementor-widget-container\">\n\t\t\t\t\t\t\t\t\t<p><strong>Einf\u00fchrung Theaterp\u00e4dagogik\u00a0<\/strong><\/p>\t\t\t\t\t\t\t\t<\/div>\n\t\t\t\t<\/div>\n\t\t\t\t<div class=\"elementor-element elementor-element-c03a96a elementor-widget elementor-widget-text-editor\" data-id=\"c03a96a\" data-element_type=\"widget\" data-e-type=\"widget\" data-widget_type=\"text-editor.default\">\n\t\t\t\t<div class=\"elementor-widget-container\">\n\t\t\t\t\t\t\t\t\t<p><strong>Zertifikatsbaustein Zuordnung:<\/strong>\u00a0D. Demokratische Bildung<br \/><strong>Semester:<\/strong> Wintersemester<br \/><strong>Leistungspunkte:<\/strong> 3<strong><br \/><\/strong><strong>Verantwortung\/wissenschaftliche Leitung: <\/strong>Kristina Krieger<\/p><p>Das Microcredential st\u00e4rkt die professionelle Haltung angehender Lehrkr\u00e4fte im Umgang mit offenen, partizipativen und performativen Bildungsprozessen. Die Studierenden entwickeln Pr\u00e4senz, Wahrnehmungsf\u00e4higkeit und die Kompetenz, Gruppenprozesse dialogisch zu gestalten und Lernende aktiv zu beteiligen. Sie erfahren Theaterp\u00e4dagogik als Bildungsansatz, der fachliches Lernen mit Pers\u00f6nlichkeitsentwicklung und gesellschaftlicher Teilhabe verbindet. Dadurch erweitern sie ihre F\u00e4higkeit, Lernr\u00e4ume zu schaffen, in denen Perspektivwechsel, Kooperation und eigenst\u00e4ndiges Lernen erm\u00f6glicht werden.<\/p>\t\t\t\t\t\t\t\t<\/div>\n\t\t\t\t<\/div>\n\t\t\t\t<div class=\"elementor-element elementor-element-8578585 elementor-align-right elementor-widget elementor-widget-button\" data-id=\"8578585\" data-element_type=\"widget\" data-e-type=\"widget\" data-widget_type=\"button.default\">\n\t\t\t\t<div class=\"elementor-widget-container\">\n\t\t\t\t\t\t\t\t\t<div class=\"elementor-button-wrapper\">\n\t\t\t\t\t<a class=\"elementor-button elementor-button-link elementor-size-sm\" href=\"https:\/\/www.kse-karlsruhe.de\/index.php\/microcredentials\/\" target=\"_blank\">\n\t\t\t\t\t\t<span class=\"elementor-button-content-wrapper\">\n\t\t\t\t\t\t\t\t\t<span class=\"elementor-button-text\">Zu den Microcredentials<\/span>\n\t\t\t\t\t<\/span>\n\t\t\t\t\t<\/a>\n\t\t\t\t<\/div>\n\t\t\t\t\t\t\t\t<\/div>\n\t\t\t\t<\/div>\n\t\t\t\t<\/div>\n\t\t<div id=\"e-n-tab-content-2444944592\" role=\"tabpanel\" aria-labelledby=\"e-n-tab-title-2444944592\" data-tab-index=\"2\" style=\"--n-tabs-title-order: 2;\" class=\" elementor-element elementor-element-355c72c e-con-full e-flex e-con e-child\" data-id=\"355c72c\" data-element_type=\"container\" data-e-type=\"container\">\n\t\t\t\t<div class=\"elementor-element elementor-element-a883c6d elementor-widget elementor-widget-text-editor\" data-id=\"a883c6d\" data-element_type=\"widget\" data-e-type=\"widget\" data-widget_type=\"text-editor.default\">\n\t\t\t\t<div class=\"elementor-widget-container\">\n\t\t\t\t\t\t\t\t\t<p><a name=\"_Toc235720330\"><\/a><strong>Werkstatt Medienbildung \u2013 Digitale Lebenswelten von Kindern und Jugendlichen verstehen, reflektieren und gestalten<\/strong><\/p>\t\t\t\t\t\t\t\t<\/div>\n\t\t\t\t<\/div>\n\t\t\t\t<div class=\"elementor-element elementor-element-563e6b9 elementor-widget elementor-widget-text-editor\" data-id=\"563e6b9\" data-element_type=\"widget\" data-e-type=\"widget\" data-widget_type=\"text-editor.default\">\n\t\t\t\t<div class=\"elementor-widget-container\">\n\t\t\t\t\t\t\t\t\t<p><strong>Zertifikatsbaustein Zuordnung:<\/strong> A. Digitalisierung<br \/><strong>Semester:<\/strong> Wintersemester<br \/><strong>Leistungspunkte:<\/strong> 3<strong><br \/><\/strong><strong>Verantwortung\/wissenschaftliche Leitung: <\/strong>Enes Smajic<\/p><p>Die projektorientierte Lehrveranstaltung greift aktuelle Fragestellungen der Medienbildung auf und verbindet wissenschaftliche Grundlagen mit der Entwicklung praxisnaher Unterrichtskonzzepte. Thematische Schwerpunkte sind unter anderem generative KI, Desinformation, Deepfakes, digitale Demokratiebildung, Cybermobbing und Medienethik.<\/p><p>Im Werkstattformat entwickeln Studierende in Teams konkrete Produkte f\u00fcr Schule und Unterricht \u2013 beispielsweise Unterrichtseinheiten, Elternabende, Podcasts, Erkl\u00e4rvideos oder digitale Lernmaterialien \u2013 und reflektieren deren p\u00e4dagogischen Einsatz.<\/p>\t\t\t\t\t\t\t\t<\/div>\n\t\t\t\t<\/div>\n\t\t\t\t<div class=\"elementor-element elementor-element-8e55b9a elementor-align-right elementor-widget elementor-widget-button\" data-id=\"8e55b9a\" data-element_type=\"widget\" data-e-type=\"widget\" data-widget_type=\"button.default\">\n\t\t\t\t<div class=\"elementor-widget-container\">\n\t\t\t\t\t\t\t\t\t<div class=\"elementor-button-wrapper\">\n\t\t\t\t\t<a class=\"elementor-button elementor-button-link elementor-size-sm\" href=\"https:\/\/innovationspace.ph-karlsruhe.de\/course\/view.php?id=760\" target=\"_blank\">\n\t\t\t\t\t\t<span class=\"elementor-button-content-wrapper\">\n\t\t\t\t\t\t\t\t\t<span class=\"elementor-button-text\">Jetzt anmelden<\/span>\n\t\t\t\t\t<\/span>\n\t\t\t\t\t<\/a>\n\t\t\t\t<\/div>\n\t\t\t\t\t\t\t\t<\/div>\n\t\t\t\t<\/div>\n\t\t\t\t\t\n<hr class=\"e-f64cc00-5fc9d3e e-divider-base\" data-interaction-id=\"f64cc00\"  data-e-type=\"widget\" data-id=\"f64cc00\" \/>\n\t\t\t\t<div class=\"elementor-element elementor-element-284ad58 elementor-widget elementor-widget-text-editor\" data-id=\"284ad58\" data-element_type=\"widget\" data-e-type=\"widget\" data-widget_type=\"text-editor.default\">\n\t\t\t\t<div class=\"elementor-widget-container\">\n\t\t\t\t\t\t\t\t\t<p><strong>Digitale Ressourcen &amp; Mediengestaltung: \u00a0Film sehen lernen \u2013 Filmsprachliche und gestalterische Aspekte der Videoarbeit<\/strong><\/p>\t\t\t\t\t\t\t\t<\/div>\n\t\t\t\t<\/div>\n\t\t\t\t<div class=\"elementor-element elementor-element-7a328c8 elementor-widget elementor-widget-text-editor\" data-id=\"7a328c8\" data-element_type=\"widget\" data-e-type=\"widget\" data-widget_type=\"text-editor.default\">\n\t\t\t\t<div class=\"elementor-widget-container\">\n\t\t\t\t\t\t\t\t\t<p><strong>Zertifikatsbaustein Zuordnung:<\/strong> A. Digitalisierung<br \/><strong>Semester:<\/strong> Wintersemester<br \/><strong>Leistungspunkte:<\/strong> 4<strong><br \/><\/strong><strong>Verantwortung\/wissenschaftliche Leitung: <\/strong>Enes Smajic<\/p><p>Filme erz\u00e4hlen Geschichten mit Bildern. Doch wie entstehen Bedeutung, Spannung und Atmosph\u00e4re? Ausgehend von der Wahrnehmung und Analyse ausgew\u00e4hlter Filmbeispiele vermittelt das Seminar grundlegende filmsprachliche und gestalterische Aspekte der Videoarbeit. Im Mittelpunkt stehen Bildaufbau, Bildgestaltung, Montage sowie dramaturgische und narrative Strukturen filmischen Erz\u00e4hlens.<\/p><p>Die Veranstaltung ist als praxisorientierter Workshop angelegt. Neben der Analyse klassischer und zeitgen\u00f6ssischer Filmbeispiele entwickeln, produzieren und reflektieren die Teilnehmenden eigene Video-Miniaturen. Dabei werden zentrale Arbeitsschritte der Medienproduktion \u2013 von der Konzeption \u00fcber den Dreh bis zum Schnitt \u2013 praktisch erprobt.<\/p><p>Erg\u00e4nzend wird betrachtet, wie sich filmische Gestaltungsmittel in aktuellen audiovisuellen Formaten weiterentwickeln und ver\u00e4ndern. Der Schwerpunkt liegt jedoch auf dem Verst\u00e4ndnis grundlegender filmischer Erz\u00e4hl- und Gestaltungstechniken, die bis heute die Basis audiovisueller Medien bilden.<\/p>\t\t\t\t\t\t\t\t<\/div>\n\t\t\t\t<\/div>\n\t\t\t\t<div class=\"elementor-element elementor-element-6ae3df8 elementor-align-right elementor-widget elementor-widget-button\" data-id=\"6ae3df8\" data-element_type=\"widget\" data-e-type=\"widget\" data-widget_type=\"button.default\">\n\t\t\t\t<div class=\"elementor-widget-container\">\n\t\t\t\t\t\t\t\t\t<div class=\"elementor-button-wrapper\">\n\t\t\t\t\t<a class=\"elementor-button elementor-button-link elementor-size-sm\" href=\"https:\/\/innovationspace.ph-karlsruhe.de\/course\/view.php?id=761\" target=\"_blank\">\n\t\t\t\t\t\t<span class=\"elementor-button-content-wrapper\">\n\t\t\t\t\t\t\t\t\t<span class=\"elementor-button-text\">Jetzt anmelden<\/span>\n\t\t\t\t\t<\/span>\n\t\t\t\t\t<\/a>\n\t\t\t\t<\/div>\n\t\t\t\t\t\t\t\t<\/div>\n\t\t\t\t<\/div>\n\t\t\t\t\t\n<hr class=\"e-8837455-ded5ffc e-divider-base\" data-interaction-id=\"8837455\"  data-e-type=\"widget\" data-id=\"8837455\" \/>\n\t\t\t\t<div class=\"elementor-element elementor-element-67199d7 elementor-widget elementor-widget-text-editor\" data-id=\"67199d7\" data-element_type=\"widget\" data-e-type=\"widget\" data-widget_type=\"text-editor.default\">\n\t\t\t\t<div class=\"elementor-widget-container\">\n\t\t\t\t\t\t\t\t\t<p><a name=\"_Toc235720331\"><\/a><strong>Podcasting \u2013 Projektorientierte Medienproduktion im Unterricht (2 CP) (Drixler)<\/strong><\/p>\t\t\t\t\t\t\t\t<\/div>\n\t\t\t\t<\/div>\n\t\t\t\t<div class=\"elementor-element elementor-element-1afa917 elementor-widget elementor-widget-text-editor\" data-id=\"1afa917\" data-element_type=\"widget\" data-e-type=\"widget\" data-widget_type=\"text-editor.default\">\n\t\t\t\t<div class=\"elementor-widget-container\">\n\t\t\t\t\t\t\t\t\t<p><strong>Zertifikatsbaustein Zuordnung:<\/strong> A. Digitalisierung<br \/><strong>Semester:<\/strong> Wintersemester<br \/><strong>Leistungspunkte:<\/strong> 2<strong><br \/><\/strong><strong>Verantwortung\/wissenschaftliche Leitung: <\/strong>Dr. Nils Drixler<\/p><p>Die Veranstaltung vermittelt Grundlagen der Podcastproduktion und verbindet technische Kompetenzen mit mediendidaktischen Konzepten f\u00fcr den Unterricht. Studierende entwickeln eigene Podcastformate, produzieren einen Audiobeitrag und reflektieren den Einsatz von Podcasts als Lernmedium sowie die Potenziale projektorientierter Medienproduktion im schulischen Kontext.<\/p>\t\t\t\t\t\t\t\t<\/div>\n\t\t\t\t<\/div>\n\t\t\t\t<div class=\"elementor-element elementor-element-db7a576 elementor-widget elementor-widget-text-editor\" data-id=\"db7a576\" data-element_type=\"widget\" data-e-type=\"widget\" data-widget_type=\"text-editor.default\">\n\t\t\t\t<div class=\"elementor-widget-container\">\n\t\t\t\t\t\t\t\t\t<p><strong>Anmeldeoption folgt.<\/strong><\/p>\t\t\t\t\t\t\t\t<\/div>\n\t\t\t\t<\/div>\n\t\t\t\t\t\n<hr class=\"e-cbb9364-5a037f8 e-divider-base\" data-interaction-id=\"cbb9364\"  data-e-type=\"widget\" data-id=\"cbb9364\" \/>\n\t\t\t\t<div class=\"elementor-element elementor-element-eb52795 elementor-widget elementor-widget-text-editor\" data-id=\"eb52795\" data-element_type=\"widget\" data-e-type=\"widget\" data-widget_type=\"text-editor.default\">\n\t\t\t\t<div class=\"elementor-widget-container\">\n\t\t\t\t\t\t\t\t\t<p><a name=\"_Toc235720332\"><\/a><strong>KIT-Kompetenzworkshops mit qualifizierter Medienproduktion\u00a0<\/strong><\/p>\t\t\t\t\t\t\t\t<\/div>\n\t\t\t\t<\/div>\n\t\t\t\t<div class=\"elementor-element elementor-element-402050f elementor-widget elementor-widget-text-editor\" data-id=\"402050f\" data-element_type=\"widget\" data-e-type=\"widget\" data-widget_type=\"text-editor.default\">\n\t\t\t\t<div class=\"elementor-widget-container\">\n\t\t\t\t\t\t\t\t\t<p><strong>Zertifikatsbaustein Zuordnung:<\/strong> je nach thematischem Schwerpunkt (A\u2013D) <br \/>\u2013 zumeist jedoch C. Gesundheitliche Bildung<br \/><strong>Semester:<\/strong> Wintersemester<br \/><strong>Leistungspunkte:<\/strong> 2<strong><br \/><\/strong><strong>Verantwortung\/wissenschaftliche Leitung: <\/strong>Dr. Nils Drixler<\/p><p>Das Veranstaltungsangebot kombiniert den Besuch von vier frei w\u00e4hlbaren Kompetenzworkshops des KIT mit einer qualifizierten Dokumentation beziehungsweise Medienproduktion. Die Workshops greifen unterschiedliche Zukunftsthemen auf, insbesondere aus den Bereichen Gesundheitsbildung und Pr\u00e4vention, stehen jedoch auch f\u00fcr weitere Querschnittsthemen offen.<\/p><p>Die abschlie\u00dfende Dokumentation bezieht sich auf mindestens einen besuchten Workshop und richtet sich an eine interessierte \u00d6ffentlichkeit. Als Pr\u00fcfungsleistung k\u00f6nnen unterschiedliche Medienformate gew\u00e4hlt werden, etwa Podcasts, Videos, Infografiken, Blogbeitr\u00e4ge, digitale Lernmodule oder Open Educational Resources.<\/p>\t\t\t\t\t\t\t\t<\/div>\n\t\t\t\t<\/div>\n\t\t\t\t<div class=\"elementor-element elementor-element-02c6b7f elementor-widget elementor-widget-text-editor\" data-id=\"02c6b7f\" data-element_type=\"widget\" data-e-type=\"widget\" data-widget_type=\"text-editor.default\">\n\t\t\t\t<div class=\"elementor-widget-container\">\n\t\t\t\t\t\t\t\t\t<p><strong>Anmeldeoption folgt.<\/strong><\/p>\t\t\t\t\t\t\t\t<\/div>\n\t\t\t\t<\/div>\n\t\t\t\t\t\n<hr class=\"e-80c3d52-3ba05f7 e-divider-base\" data-interaction-id=\"80c3d52\"  data-e-type=\"widget\" data-id=\"80c3d52\" \/>\n\t\t\t\t<div class=\"elementor-element elementor-element-0b3173f elementor-widget elementor-widget-text-editor\" data-id=\"0b3173f\" data-element_type=\"widget\" data-e-type=\"widget\" data-widget_type=\"text-editor.default\">\n\t\t\t\t<div class=\"elementor-widget-container\">\n\t\t\t\t\t\t\t\t\t<p><strong>Schule nachhaltig gestalten \u2013 Meet the Expert &amp; au\u00dferschulische Lernorte\u00a0<\/strong><\/p>\t\t\t\t\t\t\t\t<\/div>\n\t\t\t\t<\/div>\n\t\t\t\t<div class=\"elementor-element elementor-element-cf0850d elementor-widget elementor-widget-text-editor\" data-id=\"cf0850d\" data-element_type=\"widget\" data-e-type=\"widget\" data-widget_type=\"text-editor.default\">\n\t\t\t\t<div class=\"elementor-widget-container\">\n\t\t\t\t\t\t\t\t\t<p><strong>Zertifikatsbaustein Zuordnung:<\/strong>\u00a0B. Nachhaltige Entwicklung<br \/><strong>Semester:<\/strong> Sommer-\/Wintersemester<br \/><strong>Leistungspunkte:<\/strong> 2<strong><br \/><\/strong><strong>Verantwortung\/wissenschaftliche Leitung: <\/strong>Dr. Mareike D\u00f6tsch<\/p><p>Das Veranstaltungsangebot wird in Kooperation mit dem Zertifikat\u00a0\u201eSchule nachhaltig gestalten\u201c\u00a0des Zentrums f\u00fcr Lehrkr\u00e4ftebildung (ZLB) am KIT angeboten. Es verbindet Expert:innenimpulse mit au\u00dferschulischen Lernorten und erm\u00f6glicht Studierenden, Bildung f\u00fcr nachhaltige Entwicklung (BNE) praxisnah kennenzulernen.<\/p><p>F\u00fcr das Zertifikat\u00a0\u201eZukunftskompetenzen\u201c\u00a0w\u00e4hlen die Teilnehmenden\u00a0drei frei w\u00e4hlbare Veranstaltungen\u00a0aus Baustein II (<a href=\"https:\/\/www.zlb.kit.edu\/2300.php\">https:\/\/www.zlb.kit.edu\/2300.php<\/a>) und erstellen im Anschluss eine qualifizierte Dokumentation beziehungsweise Medienproduktion (vgl. KIT-Kompetenzworkshops). Die Dokumentation greift zentrale Impulse aus mindestens einer der besuchten Veranstaltungen auf und richtet sich an eine interessierte \u00d6ffentlichkeit. Als Pr\u00fcfungsleistung sind unterschiedliche Formate m\u00f6glich, beispielsweise Podcasts, Videos, Infografiken, Blogbeitr\u00e4ge, digitale Lernmodule oder Open Educational Resources.<\/p><p><strong>Beispiele f\u00fcr Veranstaltungen (Sommersemester 2026):<\/strong><\/p><ul><li><em>KI und Nachhaltigkeit \u2013 ein Spannungsverh\u00e4ltnis mit Potential<\/em><\/li><li>Besuch der Waldp\u00e4dagogik Karlsruhe<\/li><li>Besuch des \u00d6kologischen Lehr-Lern-Gartens der P\u00e4dagogischen Hochschule Karlsruhe<p>&#8211;&gt; <em>Die Veranstaltungen werden in jedem Semester neu zusammengestellt und k\u00f6nnen variieren.<\/em><\/p><\/li><\/ul>\t\t\t\t\t\t\t\t<\/div>\n\t\t\t\t<\/div>\n\t\t\t\t<div class=\"elementor-element elementor-element-2010459 elementor-widget elementor-widget-text-editor\" data-id=\"2010459\" data-element_type=\"widget\" data-e-type=\"widget\" data-widget_type=\"text-editor.default\">\n\t\t\t\t<div class=\"elementor-widget-container\">\n\t\t\t\t\t\t\t\t\t<p><strong>Anmeldeoption folgt.<\/strong><\/p>\t\t\t\t\t\t\t\t<\/div>\n\t\t\t\t<\/div>\n\t\t\t\t<\/div>\n\t\t<div id=\"e-n-tab-content-2444944593\" role=\"tabpanel\" aria-labelledby=\"e-n-tab-title-2444944593\" data-tab-index=\"3\" style=\"--n-tabs-title-order: 3;\" class=\" elementor-element elementor-element-7f36f6d e-flex e-con-boxed e-con e-child\" data-id=\"7f36f6d\" data-element_type=\"container\" data-e-type=\"container\">\n\t\t\t\t\t<div class=\"e-con-inner\">\n\t\t\t\t<div class=\"elementor-element elementor-element-f504eb1 elementor-widget elementor-widget-text-editor\" data-id=\"f504eb1\" data-element_type=\"widget\" data-e-type=\"widget\" data-widget_type=\"text-editor.default\">\n\t\t\t\t<div class=\"elementor-widget-container\">\n\t\t\t\t\t\t\t\t\t<p><em>Eine <strong>\u00dcbersicht zu allen <span style=\"text-decoration: underline;\">Microcredentials<\/span><\/strong> sowie zu den einzelnen <strong>Anmeldeoptionen<\/strong> gibt es <strong><a href=\"https:\/\/www.kse-karlsruhe.de\/index.php\/microcredentials\/\">hier<\/a><\/strong><\/em><\/p>\t\t\t\t\t\t\t\t<\/div>\n\t\t\t\t<\/div>\n\t\t\t\t<div class=\"elementor-element elementor-element-5e154b2 elementor-widget elementor-widget-text-editor\" data-id=\"5e154b2\" data-element_type=\"widget\" data-e-type=\"widget\" data-widget_type=\"text-editor.default\">\n\t\t\t\t<div class=\"elementor-widget-container\">\n\t\t\t\t\t\t\t\t\t<p><strong>Interkulturelle Lehrpraxis im internationalen Austausch (Zagreb) &#8211; <\/strong>Microcredential\u00a0<\/p>\t\t\t\t\t\t\t\t<\/div>\n\t\t\t\t<\/div>\n\t\t\t\t<div class=\"elementor-element elementor-element-be04236 elementor-widget elementor-widget-text-editor\" data-id=\"be04236\" data-element_type=\"widget\" data-e-type=\"widget\" data-widget_type=\"text-editor.default\">\n\t\t\t\t<div class=\"elementor-widget-container\">\n\t\t\t\t\t\t\t\t\t<p><strong>Zertifikatsbaustein Zuordnung:<\/strong>\u00a0D. Demokratische Bildung<br \/><strong>Semester:<\/strong> Sommersemester<br \/><strong>Leistungspunkte:<\/strong> 5<strong><br \/><\/strong><strong>Verantwortung\/wissenschaftliche Leitung: <\/strong>Dr. Nils Drixler<\/p><p>Das Microcredential verbindet internationale Mobilit\u00e4t, Exkursionsdidaktik, schulpraktische Erfahrungen und interkulturelles Lernen. Die Studierenden hospitieren an Schulen, analysieren Unterricht in unterschiedlichen Bildungssystemen und reflektieren ihre Erfahrungen in medialen Dokumentationsformaten.<\/p><p>Durch die Verbindung von internationalem Austausch, Perspektivwechsel und gesellschaftlicher Teilhabe leistet das Format einen besonderen Beitrag zur demokratischen Bildung sowie zur Entwicklung professioneller Handlungskompetenz in internationalen Bildungszusammenh\u00e4ngen.<\/p>\t\t\t\t\t\t\t\t<\/div>\n\t\t\t\t<\/div>\n\t\t\t\t\t\n<hr class=\"e-40affa1-ab1c503 e-divider-base\" data-interaction-id=\"40affa1\"  data-e-type=\"widget\" data-id=\"40affa1\" \/>\n\t\t\t\t<div class=\"elementor-element elementor-element-5544deb elementor-widget elementor-widget-text-editor\" data-id=\"5544deb\" data-element_type=\"widget\" data-e-type=\"widget\" data-widget_type=\"text-editor.default\">\n\t\t\t\t<div class=\"elementor-widget-container\">\n\t\t\t\t\t\t\t\t\t<p><strong>Poesie &amp; Botanik &#8211; <\/strong>Microcredential<\/p>\t\t\t\t\t\t\t\t<\/div>\n\t\t\t\t<\/div>\n\t\t\t\t<div class=\"elementor-element elementor-element-7f486f4 elementor-widget elementor-widget-text-editor\" data-id=\"7f486f4\" data-element_type=\"widget\" data-e-type=\"widget\" data-widget_type=\"text-editor.default\">\n\t\t\t\t<div class=\"elementor-widget-container\">\n\t\t\t\t\t\t\t\t\t<p><strong>Zertifikatsbaustein Zuordnung:<\/strong>\u00a0B. Nachhaltige Entwicklung<br \/><strong>Semester:<\/strong> Sommersemester<br \/><strong>Leistungspunkte:<\/strong> 3<strong><br \/><\/strong><strong>Verantwortung\/wissenschaftliche Leitung: <\/strong>Dr. Nils Drixler &amp; Dr. Beate Laudenberg<\/p><p>Das Microcredential verbindet kreatives Schreiben, Performance und Nachhaltigkeitsbildung im besonderen Lernort Botanischer Garten. Die Teilnehmenden entwickeln eigene poetische Texte, reflektieren Natur, Nachhaltigkeit und Umwelt aus \u00e4sthetischer und gesellschaftlicher Perspektive und pr\u00e4sentieren ihre Arbeiten im Rahmen einer \u00f6ffentlichen Abschlussveranstaltung.<\/p><p>Professionelles Schreib- und Sprechcoaching begleitet den kreativen Prozess. Erg\u00e4nzend dokumentieren und reflektieren die Studierenden ihre Projekte mit digitalen Medienformaten wie Podcasts, Videos oder fotografischen Dokumentationen.<\/p>\t\t\t\t\t\t\t\t<\/div>\n\t\t\t\t<\/div>\n\t\t\t\t\t<\/div>\n\t\t\t\t<\/div>\n\t\t\t\t\t<\/div>\n\t\t<\/div>\n\t\t\t\t\t\t<\/div>\n\t\t\t\t<\/div>\n\t\t\t\t\t\n<hr class=\"e-72e19f1-6534836 e-divider-base\" data-interaction-id=\"72e19f1\"  data-e-type=\"widget\" data-id=\"72e19f1\" \/>\n\t\t\t\t\t<\/div>\n\t\t\t\t<\/div>\n\t\t<div id=\"e-n-tab-content-40620236\" role=\"tabpanel\" aria-labelledby=\"e-n-tab-title-40620236\" data-tab-index=\"6\" style=\"--n-tabs-title-order: 6;\" class=\" elementor-element elementor-element-902ef9a e-con-full e-flex e-con e-child\" data-id=\"902ef9a\" data-element_type=\"container\" data-e-type=\"container\" data-settings=\"{&quot;background_background&quot;:&quot;classic&quot;}\">\n\t\t\t\t<div class=\"elementor-element elementor-element-b8b63bf elementor-widget elementor-widget-text-editor\" data-id=\"b8b63bf\" data-element_type=\"widget\" data-e-type=\"widget\" data-widget_type=\"text-editor.default\">\n\t\t\t\t<div class=\"elementor-widget-container\">\n\t\t\t\t\t\t\t\t\t<p><strong>Sie haben Fragen zum Zertifikat? Dann melden Sie sich bei<\/strong><\/p><ul><li>Dr. Nils Drixler<br \/><a href=\"mailto:nils.drixler@ph-karlsruhe.de\">nils.drixler@ph-karlsruhe.de<\/a><\/li><li>Enes Smajic<br \/><a href=\"mailto:enes.smajic@ph-karlsruhe.de\">enes.smajic@ph-karlsruhe.de<\/a><\/li><\/ul>\t\t\t\t\t\t\t\t<\/div>\n\t\t\t\t<\/div>\n\t\t\t\t<\/div>\n\t\t\t\t\t<\/div>\n\t\t<\/div>\n\t\t\t\t\t\t<\/div>\n\t\t\t\t<\/div>\n\t\t\t\t\t<\/div>\n\t\t\t\t<\/div>\n\t\t<div class=\"elementor-element elementor-element-9140007 e-flex e-con-boxed e-con e-parent\" data-id=\"9140007\" data-element_type=\"container\" data-e-type=\"container\">\n\t\t\t\t\t<div class=\"e-con-inner\">\n\t\t\t\t\t<\/div>\n\t\t\t\t<\/div>\n\t\t\t\t<\/div>\n\t\t","protected":false},"excerpt":{"rendered":"<p>Zertifikat: Zukunftskompetenzen Lehrkr\u00e4ftebildung mit Zukunft &#8211;demokratisch. digital. nachhaltig und gesundheitsorientiert. Jetzt zum Zertifikat anmelden Wichtige Hinweise: Bei dem Zertifikat handelt es sich um eine Zusatzleistung zum curricularen Studium.Separate Anmeldungen zu den Lehrveranstaltungen\/Microcredentails sind neben der erfolgreichen Anmeldung zum Zertifikat ebenfalls erforderlich.\u00a0 \u00dcbersicht Das Zertifikatsmodell Die Zertifikatstypen Profil, Ziele und Realisierung Microcredentials\/ Veranstaltungen Kontakt Verantwortung\/wissenschaftliche Leitung: [&hellip;]<\/p>\n","protected":false},"author":3,"featured_media":0,"parent":0,"menu_order":0,"comment_status":"closed","ping_status":"closed","template":"","meta":{"footnotes":""},"class_list":["post-2083","page","type-page","status-publish","hentry"],"_links":{"self":[{"href":"https:\/\/www.kse-karlsruhe.de\/index.php\/wp-json\/wp\/v2\/pages\/2083","targetHints":{"allow":["GET"]}}],"collection":[{"href":"https:\/\/www.kse-karlsruhe.de\/index.php\/wp-json\/wp\/v2\/pages"}],"about":[{"href":"https:\/\/www.kse-karlsruhe.de\/index.php\/wp-json\/wp\/v2\/types\/page"}],"author":[{"embeddable":true,"href":"https:\/\/www.kse-karlsruhe.de\/index.php\/wp-json\/wp\/v2\/users\/3"}],"replies":[{"embeddable":true,"href":"https:\/\/www.kse-karlsruhe.de\/index.php\/wp-json\/wp\/v2\/comments?post=2083"}],"version-history":[{"count":39,"href":"https:\/\/www.kse-karlsruhe.de\/index.php\/wp-json\/wp\/v2\/pages\/2083\/revisions"}],"predecessor-version":[{"id":3031,"href":"https:\/\/www.kse-karlsruhe.de\/index.php\/wp-json\/wp\/v2\/pages\/2083\/revisions\/3031"}],"wp:attachment":[{"href":"https:\/\/www.kse-karlsruhe.de\/index.php\/wp-json\/wp\/v2\/media?parent=2083"}],"curies":[{"name":"wp","href":"https:\/\/api.w.org\/{rel}","templated":true}]}}